{"id":17562,"date":"2024-05-24T07:48:58","date_gmt":"2024-05-24T07:48:58","guid":{"rendered":"https:\/\/oliviagreencamping.com\/?page_id=17562"},"modified":"2024-06-01T12:09:22","modified_gmt":"2024-06-01T12:09:22","slug":"campingvillen-2","status":"publish","type":"page","link":"https:\/\/oliviagreencamping.com\/de\/campingvillen-2\/","title":{"rendered":"Campingvillen"},"content":{"rendered":"<section class=\"wpb-content-wrapper\"><p>[vc_row css=&#8221;.vc_custom_1716202378952{margin-top: 50px !important;background-color: #ffffff !important;}&#8221;][vc_column width=&#8221;1\/2&#8243; css=&#8221;.vc_custom_1716201822076{margin-right: 0px !important;}&#8221;][vc_gallery interval=&#8221;3&#8243; images=&#8221;17036,17011,17016,17021,17026,17031,17041,17046,17051,17056,17061,17066,17071&#8243; img_size=&#8221;900&#215;850&#8243; css=&#8221;.vc_custom_1716202197256{margin-right: 10px !important;padding-right: 10px !important;}&#8221;][\/vc_column][vc_column width=&#8221;1\/2&#8243; css=&#8221;.vc_custom_1717243653992{padding-top: 10px !important;padding-right: 40px !important;padding-bottom: 20px !important;padding-left: 40px !important;background-color: #ffffff !important;}&#8221; el_class=&#8221;display: flex; align-items: center; justify-content: center;&#8221;][vc_empty_space height=&#8221;52px&#8221;][vc_column_text]<\/p>\n<h4><span style=\"font-size: 24px;\">\u00d6ko Luxus 2 Schlafzimmer Campingvilla mit Terrasse mit Meerblick<\/span><\/h4>\n<div class=\"vc_custom_heading vc_gitem-post-data vc_gitem-post-data-source-post_excerpt\">\n<div class=\"vc_custom_heading vc_gitem-post-data vc_gitem-post-data-source-post_excerpt\">\n<div class=\"vc_custom_heading vc_gitem-post-data vc_gitem-post-data-source-post_excerpt\">\n<p>Die Eco-Lux-Villa verf\u00fcgt \u00fcber nat\u00fcrliche, nicht raffinierte dekorative Elemente wie h\u00f6lzerne Baums\u00e4ulen und bietet viel Sonnenlicht durch die vorderen Glast\u00fcren, wodurch eine nahtlose Verbindung mit der Natur hergestellt wird.<\/p>\n<p>&nbsp;<\/p>\n<\/div>\n<div class=\"vc_gitem-post-meta-field-size vc_gitem-align-left\"><span class=\"vc_gitem-post-meta-label\">Fl\u00e4che:<\/span>Fl\u00e4che 86m\u00b2 (36m\u00b2 Innen + 50m\u00b2 Terrasse)<\/div>\n<div class=\"vc_gitem-post-meta-field-capacity vc_gitem-align-left\"><span class=\"vc_gitem-post-meta-label\">Kapazit\u00e4t:<\/span>4<\/div>\n<div class=\"vc_gitem-post-meta-field-extra vc_gitem-align-left\"><span class=\"vc_gitem-post-meta-label\">Info:<\/span>\u00fcberdachte Terrasse 50m\u00b2 mit Tisch, St\u00fchlen und Liegest\u00fchlen<\/div>\n<\/div>\n<\/div>\n<p>[\/vc_column_text][vc_empty_space]<style>.ld_button_69f1106521aa0{color:rgb(255, 255, 255);}<\/style><a href=\"http:\/\/-luxus-2-schlafzimmer-campingvilla-mit-terrasse-mit-meerblick\/\" class=\"btn btn-default btn-sm round btn-bordered border-thin ld_button_69f1106521aa0 vc_custom_1716537812404\">\n\t<span>\n\t\t\n\t\t\t\t\t<span class=\"btn-txt\">Erfahren Sie mehr<\/span>\n\t\t\t\n\t\t\t\t<\/span>\n<\/a>\n[\/vc_column][\/vc_row][vc_row css=&#8221;.vc_custom_1716202378952{margin-top: 50px !important;background-color: #ffffff !important;}&#8221;][vc_column width=&#8221;1\/2&#8243; css=&#8221;.vc_custom_1716201822076{margin-right: 0px !important;}&#8221;][vc_gallery interval=&#8221;3&#8243; images=&#8221;17175,17105,17110,17115,17120,17125,17130,17135,17140,17145,17150,17155,17160,17165,17170,17180,17185&#8243; img_size=&#8221;900&#215;850&#8243; css=&#8221;.vc_custom_1716246407671{margin-right: 10px !important;padding-right: 10px !important;}&#8221;][\/vc_column][vc_column width=&#8221;1\/2&#8243; css=&#8221;.vc_custom_1717243663250{padding-top: 10px !important;padding-right: 40px !important;padding-bottom: 20px !important;padding-left: 40px !important;background-color: #ffffff !important;}&#8221; el_class=&#8221;display: flex; align-items: center; justify-content: center;&#8221;][vc_empty_space height=&#8221;52px&#8221;][vc_column_text]<\/p>\n<div class=\"vc_custom_heading vc_gitem-post-data vc_gitem-post-data-source-post_title\">\n<h4><span style=\"font-size: 24px;\">Premium-Familienvilla mit 2 Schlafzimmern und Terrasse mit Meerblick<\/span><\/h4>\n<\/div>\n<div class=\"vc_custom_heading vc_gitem-post-data vc_gitem-post-data-source-post_excerpt\">\n<div class=\"vc_custom_heading vc_gitem-post-data vc_gitem-post-data-source-post_excerpt\">\n<div class=\"vc_custom_heading vc_gitem-post-data vc_gitem-post-data-source-post_excerpt\">\n<div class=\"vc_custom_heading vc_gitem-post-data vc_gitem-post-data-source-post_excerpt\">\n<div class=\"vc_custom_heading vc_gitem-post-data vc_gitem-post-data-source-post_excerpt\">\n<div class=\"vc_custom_heading vc_gitem-post-data vc_gitem-post-data-source-post_excerpt\">\n<p>Sie ist \u00e4hnlich wie unsere Family Camping Villa mit 2 Schlafzimmern, aber bietet mehr Platz bei gleichem Charme.<\/p>\n<p>&nbsp;<\/p>\n<\/div>\n<div class=\"vc_gitem-post-meta-field-size vc_gitem-align-left\"><span class=\"vc_gitem-post-meta-label\">Fl\u00e4che:<\/span>84m\u00b2 (46m\u00b2 Innen + 38m\u00b2 Terrasse)<\/div>\n<div class=\"vc_gitem-post-meta-field-capacity vc_gitem-align-left\"><span class=\"vc_gitem-post-meta-label\">Kapazit\u00e4t:<\/span>5<\/div>\n<div class=\"vc_gitem-post-meta-field-extra vc_gitem-align-left\"><span class=\"vc_gitem-post-meta-label\">Info:<\/span>\u00fcberdachte Terrasse 38 m\u00b2 mit Tisch, St\u00fchlen und Liegest\u00fchlen<\/div>\n<\/div>\n<\/div>\n<\/div>\n<\/div>\n<\/div>\n<p>[\/vc_column_text][vc_empty_space]<style>.ld_button_69f110652237d{color:rgb(255, 255, 255);}<\/style><a href=\"https:\/\/oliviagreencamping.com\/de\/accommodation\/premium-familienvilla-mit-2-schlafzimmern-und-terrasse-mit-meerblick\/\" class=\"btn btn-default btn-sm round btn-bordered border-thin ld_button_69f110652237d vc_custom_1716537776727\">\n\t<span>\n\t\t\n\t\t\t\t\t<span class=\"btn-txt\">Erfahren Sie mehr<\/span>\n\t\t\t\n\t\t\t\t<\/span>\n<\/a>\n[\/vc_column][\/vc_row][vc_row css=&#8221;.vc_custom_1716202378952{margin-top: 50px !important;background-color: #ffffff !important;}&#8221;][vc_column width=&#8221;1\/2&#8243; css=&#8221;.vc_custom_1716201822076{margin-right: 0px !important;}&#8221;][vc_gallery interval=&#8221;3&#8243; images=&#8221;17190,17195,17200,17205,17210,17215,17220&#8243; img_size=&#8221;900&#215;850&#8243; css=&#8221;.vc_custom_1716246646728{margin-right: 10px !important;padding-right: 10px !important;}&#8221;][\/vc_column][vc_column width=&#8221;1\/2&#8243; css=&#8221;.vc_custom_1717243671469{padding-top: 10px !important;padding-right: 40px !important;padding-bottom: 20px !important;padding-left: 40px !important;background-color: #ffffff !important;}&#8221; el_class=&#8221;display: flex; align-items: center; justify-content: center;&#8221;][vc_empty_space height=&#8221;52px&#8221;][vc_column_text]<\/p>\n<h4><span style=\"font-size: 24px;\">Premium Paar Strandvilla am Meer \u2013 Terrasse mit Meerblick<\/span><\/h4>\n<div class=\"vc_custom_heading vc_gitem-post-data vc_gitem-post-data-source-post_excerpt\">\n<div class=\"vc_custom_heading vc_gitem-post-data vc_gitem-post-data-source-post_excerpt\">\n<div class=\"vc_custom_heading vc_gitem-post-data vc_gitem-post-data-source-post_excerpt\">\n<div class=\"vc_custom_heading vc_gitem-post-data vc_gitem-post-data-source-post_excerpt\">\n<div class=\"vc_custom_heading vc_gitem-post-data vc_gitem-post-data-source-post_excerpt\">\n<p>Mit einer Lage so nah am Meer k\u00f6nnen Sie sich nachts von den Wellen einschlafen lassen.<\/p>\n<p>&nbsp;<\/p>\n<\/div>\n<div class=\"vc_gitem-post-meta-field-size vc_gitem-align-left\"><span class=\"vc_gitem-post-meta-label\">Fl\u00e4che:<\/span>33m\u00b2 (22m\u00b2 Innenraum + 11m\u00b2 Terrasse)<\/div>\n<div class=\"vc_gitem-post-meta-field-capacity vc_gitem-align-left\"><span class=\"vc_gitem-post-meta-label\">Kapazit\u00e4t:<\/span>2+1<\/div>\n<div class=\"vc_gitem-post-meta-field-extra vc_gitem-align-left\"><span class=\"vc_gitem-post-meta-label\">Info:<\/span>\u00fcberdachte Terrasse 11m\u00b2 mit Tisch, St\u00fchlen und Liegest\u00fchlen<\/div>\n<\/div>\n<\/div>\n<\/div>\n<\/div>\n<p>[\/vc_column_text][vc_empty_space]<style>.ld_button_69f1106522942{color:rgb(255, 255, 255);}<\/style><a href=\"https:\/\/oliviagreencamping.com\/de\/accommodation\/premium-paar-strandvilla-am-meer-terrasse-mit-meerblick\/\" class=\"btn btn-default btn-sm round btn-bordered border-thin ld_button_69f1106522942 vc_custom_1716537769988\">\n\t<span>\n\t\t\n\t\t\t\t\t<span class=\"btn-txt\">Erfahren Sie mehr<\/span>\n\t\t\t\n\t\t\t\t<\/span>\n<\/a>\n[\/vc_column][\/vc_row][vc_row css=&#8221;.vc_custom_1716202378952{margin-top: 50px !important;background-color: #ffffff !important;}&#8221;][vc_column width=&#8221;1\/2&#8243; css=&#8221;.vc_custom_1716201822076{margin-right: 0px !important;}&#8221;][vc_gallery interval=&#8221;3&#8243; images=&#8221;17236,17226,17231,17241,17246,17251,17256,17261&#8243; img_size=&#8221;900&#215;850&#8243; css=&#8221;.vc_custom_1716275353500{margin-right: 10px !important;padding-right: 10px !important;}&#8221;][\/vc_column][vc_column width=&#8221;1\/2&#8243; css=&#8221;.vc_custom_1717243680184{padding-top: 10px !important;padding-right: 40px !important;padding-bottom: 20px !important;padding-left: 40px !important;background-color: #ffffff !important;}&#8221; el_class=&#8221;display: flex; align-items: center; justify-content: center;&#8221;][vc_empty_space height=&#8221;52px&#8221;][vc_column_text]<\/p>\n<h4><span style=\"font-size: 24px;\">Deluxe Campingvilla mit 2 Schlafzimmern und Terrasse mit Meerblick<\/span><\/h4>\n<div class=\"vc_custom_heading vc_gitem-post-data vc_gitem-post-data-source-post_excerpt\">\n<div class=\"vc_custom_heading vc_gitem-post-data vc_gitem-post-data-source-post_excerpt\">\n<div class=\"vc_custom_heading vc_gitem-post-data vc_gitem-post-data-source-post_excerpt\">\n<div class=\"vc_custom_heading vc_gitem-post-data vc_gitem-post-data-source-post_excerpt\">\n<div class=\"vc_custom_heading vc_gitem-post-data vc_gitem-post-data-source-post_excerpt\">\n<div class=\"vc_custom_heading vc_gitem-post-data vc_gitem-post-data-source-post_excerpt\">\n<p>Lassen Sie sich nicht vom Wort Camping im Namen t\u00e4uschen. Sch\u00f6ne nat\u00fcrliche Materialien, lichtdurchflutete R\u00e4ume und Glas\u00f6ffnungen schm\u00fccken diese wundersch\u00f6ne Villa.<\/p>\n<p>&nbsp;<\/p>\n<\/div>\n<div class=\"vc_gitem-post-meta-field-size vc_gitem-align-left\"><span class=\"vc_gitem-post-meta-label\">Fl\u00e4che:<\/span>63m\u00b2 (32m\u00b2 Innenraum + 31m\u00b2 Terrasse)<\/div>\n<div class=\"vc_gitem-post-meta-field-capacity vc_gitem-align-left\"><span class=\"vc_gitem-post-meta-label\">Kapazit\u00e4t:<\/span>4<\/div>\n<div class=\"vc_gitem-post-meta-field-extra vc_gitem-align-left\"><span class=\"vc_gitem-post-meta-label\">Info:<\/span>\u00fcberdachte Terrasse 31m\u00b2 mit Tisch, St\u00fchlen und Liegest\u00fchlen<\/div>\n<\/div>\n<\/div>\n<\/div>\n<\/div>\n<\/div>\n<p>[\/vc_column_text][vc_empty_space]<style>.ld_button_69f1106522dd9{color:rgb(255, 255, 255);}<\/style><a href=\"https:\/\/oliviagreencamping.com\/de\/accommodation\/deluxe-campingvilla-mit-2-schlafzimmern-und-terrasse-mit-meerblick\/\" class=\"btn btn-default btn-sm round btn-bordered border-thin ld_button_69f1106522dd9 vc_custom_1716537764538\">\n\t<span>\n\t\t\n\t\t\t\t\t<span class=\"btn-txt\">Erfahren Sie mehr<\/span>\n\t\t\t\n\t\t\t\t<\/span>\n<\/a>\n[\/vc_column][\/vc_row][vc_row css=&#8221;.vc_custom_1716202378952{margin-top: 50px !important;background-color: #ffffff !important;}&#8221;][vc_column width=&#8221;1\/2&#8243; css=&#8221;.vc_custom_1716201822076{margin-right: 0px !important;}&#8221;][vc_gallery interval=&#8221;3&#8243; images=&#8221;17291,17266,17271,17276,17281,17286,17296,17301,17306&#8243; img_size=&#8221;900&#215;850&#8243; css=&#8221;.vc_custom_1716275603222{margin-right: 10px !important;padding-right: 10px !important;}&#8221;][\/vc_column][vc_column width=&#8221;1\/2&#8243; css=&#8221;.vc_custom_1717243689121{padding-top: 10px !important;padding-right: 40px !important;padding-bottom: 20px !important;padding-left: 40px !important;background-color: #ffffff !important;}&#8221; el_class=&#8221;display: flex; align-items: center; justify-content: center;&#8221;][vc_empty_space height=&#8221;52px&#8221;][vc_column_text]<\/p>\n<div class=\"vc_custom_heading vc_gitem-post-data vc_gitem-post-data-source-post_title\">\n<h4><span style=\"font-size: 24px;\">Luxus Paar Camping Villa mit Meerblick Terrasse<\/span><\/h4>\n<\/div>\n<div class=\"vc_custom_heading vc_gitem-post-data vc_gitem-post-data-source-post_excerpt\">\n<p>&nbsp;<\/p>\n<\/div>\n<div class=\"vc_custom_heading vc_gitem-post-data vc_gitem-post-data-source-post_excerpt\">\n<div class=\"vc_custom_heading vc_gitem-post-data vc_gitem-post-data-source-post_excerpt\">\n<div class=\"vc_custom_heading vc_gitem-post-data vc_gitem-post-data-source-post_excerpt\">\n<div class=\"vc_custom_heading vc_gitem-post-data vc_gitem-post-data-source-post_excerpt\">\n<div class=\"vc_custom_heading vc_gitem-post-data vc_gitem-post-data-source-post_excerpt\">\n<div class=\"vc_custom_heading vc_gitem-post-data vc_gitem-post-data-source-post_excerpt\">\n<div class=\"vc_custom_heading vc_gitem-post-data vc_gitem-post-data-source-post_excerpt\">\n<p>Ein komfortables Studio mit einem Kingsize-Bett, einem Sitzsofa, 1 Badezimmer und einer Terrasse mit Meerblick, Gartenm\u00f6beln und Sonnenliegen f\u00fcr 2 Personen, alle nur einen kurzen Spaziergang vom Meer entfernt.<\/p>\n<p>&nbsp;<\/p>\n<\/div>\n<div class=\"vc_gitem-post-meta-field-size vc_gitem-align-left\"><span class=\"vc_gitem-post-meta-label\">Fl\u00e4che:<\/span>34m\u00b2 (24m\u00b2 Innen + 10m\u00b2 Terrasse)<\/div>\n<div class=\"vc_gitem-post-meta-field-capacity vc_gitem-align-left\"><span class=\"vc_gitem-post-meta-label\">Kapazit\u00e4t:<\/span>2<\/div>\n<div class=\"vc_gitem-post-meta-field-extra vc_gitem-align-left\"><span class=\"vc_gitem-post-meta-label\">Info:<\/span>\u00fcberdachte Terrasse 10 m\u00b2 mit Tisch, St\u00fchlen und Liegest\u00fchlen<\/div>\n<\/div>\n<\/div>\n<\/div>\n<\/div>\n<\/div>\n<\/div>\n<p>[\/vc_column_text][vc_empty_space]<style>.ld_button_69f11065231bd{color:rgb(255, 255, 255);}<\/style><a href=\"https:\/\/oliviagreencamping.com\/de\/accommodation\/luxus-paar-camping-villa-mit-meerblick-terrasse\/\" class=\"btn btn-default btn-sm round btn-bordered border-thin ld_button_69f11065231bd vc_custom_1716537757886\">\n\t<span>\n\t\t\n\t\t\t\t\t<span class=\"btn-txt\">Erfahren Sie mehr<\/span>\n\t\t\t\n\t\t\t\t<\/span>\n<\/a>\n[\/vc_column][\/vc_row][vc_row css=&#8221;.vc_custom_1716202378952{margin-top: 50px !important;background-color: #ffffff !important;}&#8221;][vc_column width=&#8221;1\/2&#8243; css=&#8221;.vc_custom_1716201822076{margin-right: 0px !important;}&#8221;][vc_gallery interval=&#8221;3&#8243; images=&#8221;17351,17311,17316,17321,17326,17331,17336,17341,17346,17356&#8243; img_size=&#8221;900&#215;850&#8243; css=&#8221;.vc_custom_1716275824670{margin-right: 10px !important;padding-right: 10px !important;}&#8221;][\/vc_column][vc_column width=&#8221;1\/2&#8243; css=&#8221;.vc_custom_1717243697023{padding-top: 10px !important;padding-right: 40px !important;padding-bottom: 20px !important;padding-left: 40px !important;background-color: #ffffff !important;}&#8221; el_class=&#8221;display: flex; align-items: center; justify-content: center;&#8221;][vc_empty_space height=&#8221;52px&#8221;][vc_column_text]<\/p>\n<h4><span style=\"font-size: 24px;\">Luxus-Campingvilla f\u00fcr Paare mit K\u00fcchenzeile und Terrasse mit Meerblick<\/span><\/h4>\n<div class=\"vc_custom_heading vc_gitem-post-data vc_gitem-post-data-source-post_excerpt\">\n<div class=\"vc_custom_heading vc_gitem-post-data vc_gitem-post-data-source-post_excerpt\">\n<div class=\"vc_custom_heading vc_gitem-post-data vc_gitem-post-data-source-post_excerpt\">\n<div class=\"vc_custom_heading vc_gitem-post-data vc_gitem-post-data-source-post_excerpt\">\n<div class=\"vc_custom_heading vc_gitem-post-data vc_gitem-post-data-source-post_excerpt\">\n<div class=\"vc_custom_heading vc_gitem-post-data vc_gitem-post-data-source-post_excerpt\">\n<div class=\"vc_custom_heading vc_gitem-post-data vc_gitem-post-data-source-post_excerpt\">\n<div class=\"vc_custom_heading vc_gitem-post-data vc_gitem-post-data-source-post_excerpt\">\n<p>Unsere luxuri\u00f6se Campingvilla mit K\u00fcchenzeile ist eine romantische Oase mit einem luxuri\u00f6sen Touch f\u00fcr einen Campingurlaub.<\/p>\n<p>&nbsp;<\/p>\n<\/div>\n<div class=\"vc_gitem-post-meta-field-size vc_gitem-align-left\"><span class=\"vc_gitem-post-meta-label\">Fl\u00e4che:<\/span>34m\u00b2 (24m\u00b2 Innen + 10m\u00b2 Terrasse)<\/div>\n<div class=\"vc_gitem-post-meta-field-capacity vc_gitem-align-left\"><span class=\"vc_gitem-post-meta-label\">Kapazit\u00e4t:<\/span>2<\/div>\n<div class=\"vc_gitem-post-meta-field-extra vc_gitem-align-left\"><span class=\"vc_gitem-post-meta-label\">Info:<\/span>\u00fcberdachte Terrasse 10 m\u00b2 mit Tisch, St\u00fchlen und Liegest\u00fchlen<\/div>\n<\/div>\n<\/div>\n<\/div>\n<\/div>\n<\/div>\n<\/div>\n<\/div>\n<p>[\/vc_column_text][vc_empty_space]<style>.ld_button_69f1106523582{color:rgb(255, 255, 255);}<\/style><a href=\"https:\/\/oliviagreencamping.com\/de\/accommodation\/luxus-campingvilla-fuer-paare-mit-kuechenzeile-und-terrasse-mit-meerblick\/\" class=\"btn btn-default btn-sm round btn-bordered border-thin ld_button_69f1106523582 vc_custom_1716537747493\">\n\t<span>\n\t\t\n\t\t\t\t\t<span class=\"btn-txt\">Erfahren Sie mehr<\/span>\n\t\t\t\n\t\t\t\t<\/span>\n<\/a>\n[\/vc_column][\/vc_row][vc_row css=&#8221;.vc_custom_1716202378952{margin-top: 50px !important;background-color: #ffffff !important;}&#8221;][vc_column width=&#8221;1\/2&#8243; css=&#8221;.vc_custom_1716201822076{margin-right: 0px !important;}&#8221;][vc_gallery interval=&#8221;3&#8243; images=&#8221;17361,17366,17371,17376,17381,17386,17391,17396,17401&#8243; img_size=&#8221;900&#215;850&#8243; css=&#8221;.vc_custom_1716276224215{margin-right: 10px !important;padding-right: 10px !important;}&#8221;][\/vc_column][vc_column width=&#8221;1\/2&#8243; css=&#8221;.vc_custom_1717243707777{padding-top: 10px !important;padding-right: 40px !important;padding-bottom: 20px !important;padding-left: 40px !important;background-color: #ffffff !important;}&#8221; el_class=&#8221;display: flex; align-items: center; justify-content: center;&#8221;][vc_empty_space height=&#8221;52px&#8221;][vc_column_text]<\/p>\n<h4><span style=\"font-size: 24px;\">Familienvilla mit 2 Schlafzimmern und Terrasse mit Meerblick<\/span><\/h4>\n<div class=\"vc_custom_heading vc_gitem-post-data vc_gitem-post-data-source-post_excerpt\">\n<div class=\"vc_custom_heading vc_gitem-post-data vc_gitem-post-data-source-post_excerpt\">\n<div class=\"vc_custom_heading vc_gitem-post-data vc_gitem-post-data-source-post_excerpt\">\n<div class=\"vc_custom_heading vc_gitem-post-data vc_gitem-post-data-source-post_excerpt\">\n<div class=\"vc_custom_heading vc_gitem-post-data vc_gitem-post-data-source-post_excerpt\">\n<div class=\"vc_custom_heading vc_gitem-post-data vc_gitem-post-data-source-post_excerpt\">\n<div class=\"vc_custom_heading vc_gitem-post-data vc_gitem-post-data-source-post_excerpt\">\n<div class=\"vc_custom_heading vc_gitem-post-data vc_gitem-post-data-source-post_excerpt\">\n<div class=\"vc_custom_heading vc_gitem-post-data vc_gitem-post-data-source-post_excerpt\">\n<p>Eine F\u00fclle von nat\u00fcrlichem Licht, nat\u00fcrlichen Materialien und viel Platz charakterisieren unsere Family Camping Villa am besten.<\/p>\n<p>&nbsp;<\/p>\n<\/div>\n<div class=\"vc_gitem-post-meta-field-size vc_gitem-align-left\"><span class=\"vc_gitem-post-meta-label\">Fl\u00e4che:<\/span>78m\u00b2 (42m\u00b2 Innen + 36m\u00b2 Terrasse)<\/div>\n<div class=\"vc_gitem-post-meta-field-capacity vc_gitem-align-left\"><span class=\"vc_gitem-post-meta-label\">Kapazit\u00e4t:<\/span>5<\/div>\n<div class=\"vc_gitem-post-meta-field-extra vc_gitem-align-left\"><span class=\"vc_gitem-post-meta-label\">Info:<\/span>\u00fcberdachte Terrasse 36 m\u00b2 mit Tisch, St\u00fchlen und Liegest\u00fchlen<\/div>\n<\/div>\n<\/div>\n<\/div>\n<\/div>\n<\/div>\n<\/div>\n<\/div>\n<\/div>\n<p>[\/vc_column_text][vc_empty_space]<style>.ld_button_69f1106523923{color:rgb(255, 255, 255);}<\/style><a href=\"https:\/\/oliviagreencamping.com\/de\/accommodation\/familienvilla-mit-2-schlafzimmern-und-terrasse-mit-meerblick\/\" class=\"btn btn-default btn-sm round btn-bordered border-thin ld_button_69f1106523923 vc_custom_1716537741944\">\n\t<span>\n\t\t\n\t\t\t\t\t<span class=\"btn-txt\">Erfahren Sie mehr<\/span>\n\t\t\t\n\t\t\t\t<\/span>\n<\/a>\n[\/vc_column][\/vc_row][vc_row css=&#8221;.vc_custom_1716202378952{margin-top: 50px !important;background-color: #ffffff !important;}&#8221;][vc_column width=&#8221;1\/2&#8243; css=&#8221;.vc_custom_1716201822076{margin-right: 0px !important;}&#8221;][vc_gallery interval=&#8221;3&#8243; images=&#8221;17406,17411,17416,17421,17426,17431,17436,17441,17446,17451,17456,17461,17466,17471&#8243; img_size=&#8221;900&#215;850&#8243; css=&#8221;.vc_custom_1716276540493{margin-right: 10px !important;padding-right: 10px !important;}&#8221;][\/vc_column][vc_column width=&#8221;1\/2&#8243; css=&#8221;.vc_custom_1717243715011{padding-top: 10px !important;padding-right: 40px !important;padding-bottom: 20px !important;padding-left: 40px !important;background-color: #ffffff !important;}&#8221; el_class=&#8221;display: flex; align-items: center; justify-content: center;&#8221;][vc_empty_space height=&#8221;52px&#8221;][vc_column_text]<\/p>\n<h4><span style=\"font-size: 24px;\">Superior Villa mit 2 Schlafzimmern und Terrasse mit Meerblick<\/span><\/h4>\n<div class=\"vc_custom_heading vc_gitem-post-data vc_gitem-post-data-source-post_excerpt\">\n<div class=\"vc_custom_heading vc_gitem-post-data vc_gitem-post-data-source-post_excerpt\">\n<div class=\"vc_custom_heading vc_gitem-post-data vc_gitem-post-data-source-post_excerpt\">\n<div class=\"vc_custom_heading vc_gitem-post-data vc_gitem-post-data-source-post_excerpt\">\n<div class=\"vc_custom_heading vc_gitem-post-data vc_gitem-post-data-source-post_excerpt\">\n<div class=\"vc_custom_heading vc_gitem-post-data vc_gitem-post-data-source-post_excerpt\">\n<div class=\"vc_custom_heading vc_gitem-post-data vc_gitem-post-data-source-post_excerpt\">\n<div class=\"vc_custom_heading vc_gitem-post-data vc_gitem-post-data-source-post_excerpt\">\n<div class=\"vc_custom_heading vc_gitem-post-data vc_gitem-post-data-source-post_excerpt\">\n<div class=\"vc_custom_heading vc_gitem-post-data vc_gitem-post-data-source-post_excerpt\">\n<p>Diese sch\u00f6ne, unabh\u00e4ngige Unterkunft ist Ihr Zuhause in der Ferne und perfekt f\u00fcr Familien. Die Villa bietet Platz f\u00fcr bis zu 5 Personen. Es gibt 2 Schlafzimmer, eines der Schlafzimmer verf\u00fcgt \u00fcber ein eigenes Bad mit insgesamt zwei B\u00e4dern.<\/p>\n<p>&nbsp;<\/p>\n<\/div>\n<div class=\"vc_gitem-post-meta-field-size vc_gitem-align-left\"><span class=\"vc_gitem-post-meta-label\">Fl\u00e4che:<\/span>52m\u00b2 (34m\u00b2 Innenraum + 18m\u00b2 Terrasse)<\/div>\n<div class=\"vc_gitem-post-meta-field-capacity vc_gitem-align-left\"><span class=\"vc_gitem-post-meta-label\">Kapazit\u00e4t:<\/span>4+1<\/div>\n<div class=\"vc_gitem-post-meta-field-extra vc_gitem-align-left\"><span class=\"vc_gitem-post-meta-label\">Info:<\/span>\u00fcberdachte Terrasse 18m\u00b2 mit Tisch, St\u00fchlen und Liegest\u00fchlen<\/div>\n<\/div>\n<\/div>\n<\/div>\n<\/div>\n<\/div>\n<\/div>\n<\/div>\n<\/div>\n<\/div>\n<p>[\/vc_column_text][vc_empty_space]<style>.ld_button_69f1106523c8c{color:rgb(255, 255, 255);}<\/style><a href=\"https:\/\/oliviagreencamping.com\/de\/accommodation\/superior-villa-mit-2-schlafzimmern-und-terrasse-mit-meerblick\/\" class=\"btn btn-default btn-sm round btn-bordered border-thin ld_button_69f1106523c8c vc_custom_1716537736112\">\n\t<span>\n\t\t\n\t\t\t\t\t<span class=\"btn-txt\">Erfahren Sie mehr<\/span>\n\t\t\t\n\t\t\t\t<\/span>\n<\/a>\n[\/vc_column][\/vc_row][vc_row css=&#8221;.vc_custom_1716202378952{margin-top: 50px !important;background-color: #ffffff !important;}&#8221;][vc_column width=&#8221;1\/2&#8243; css=&#8221;.vc_custom_1716201822076{margin-right: 0px !important;}&#8221;][vc_gallery interval=&#8221;3&#8243; images=&#8221;17476,17481,17486,17491,17496,17501,17506,17511,17516&#8243; img_size=&#8221;900&#215;850&#8243; css=&#8221;.vc_custom_1716276731032{margin-right: 10px !important;padding-right: 10px !important;}&#8221;][\/vc_column][vc_column width=&#8221;1\/2&#8243; css=&#8221;.vc_custom_1717243724469{padding-top: 10px !important;padding-right: 40px !important;padding-bottom: 20px !important;padding-left: 40px !important;background-color: #ffffff !important;}&#8221; el_class=&#8221;display: flex; align-items: center; justify-content: center;&#8221;][vc_empty_space height=&#8221;52px&#8221;][vc_column_text]<\/p>\n<div class=\"vc_custom_heading vc_gitem-post-data vc_gitem-post-data-source-post_title\">\n<h4><span style=\"font-size: 24px;\">Premium Paar Camping Villa \u2013 Terrasse mit Meerblick<\/span><\/h4>\n<\/div>\n<div class=\"vc_custom_heading vc_gitem-post-data vc_gitem-post-data-source-post_excerpt\">\n<p>&nbsp;<\/p>\n<\/div>\n<div class=\"vc_custom_heading vc_gitem-post-data vc_gitem-post-data-source-post_excerpt\">\n<div class=\"vc_custom_heading vc_gitem-post-data vc_gitem-post-data-source-post_excerpt\">\n<div class=\"vc_custom_heading vc_gitem-post-data vc_gitem-post-data-source-post_excerpt\">\n<div class=\"vc_custom_heading vc_gitem-post-data vc_gitem-post-data-source-post_excerpt\">\n<div class=\"vc_custom_heading vc_gitem-post-data vc_gitem-post-data-source-post_excerpt\">\n<div class=\"vc_custom_heading vc_gitem-post-data vc_gitem-post-data-source-post_excerpt\">\n<div class=\"vc_custom_heading vc_gitem-post-data vc_gitem-post-data-source-post_excerpt\">\n<div class=\"vc_custom_heading vc_gitem-post-data vc_gitem-post-data-source-post_excerpt\">\n<div class=\"vc_custom_heading vc_gitem-post-data vc_gitem-post-data-source-post_excerpt\">\n<div class=\"vc_custom_heading vc_gitem-post-data vc_gitem-post-data-source-post_excerpt\">\n<div class=\"vc_custom_heading vc_gitem-post-data vc_gitem-post-data-source-post_excerpt\">\n<p>Dieses moderne, lichtdurchflutete und durchdachte Studio bietet ein Kingsize-Bett, eine voll ausgestattete K\u00fcchenzeile und einen Esstisch sowie ein ausziehbares Sofa, das sich ideal f\u00fcr diejenigen eignet, die Platz f\u00fcr eine dritte Person suchen.<\/p>\n<p>&nbsp;<\/p>\n<\/div>\n<div class=\"vc_gitem-post-meta-field-size vc_gitem-align-left\"><span class=\"vc_gitem-post-meta-label\">Fl\u00e4che:<\/span>33m\u00b2 (22m\u00b2 Innenraum + 11m\u00b2 Terrasse)<\/div>\n<div class=\"vc_gitem-post-meta-field-capacity vc_gitem-align-left\"><span class=\"vc_gitem-post-meta-label\">Kapazit\u00e4t:<\/span>2+1<\/div>\n<div class=\"vc_gitem-post-meta-field-extra vc_gitem-align-left\"><span class=\"vc_gitem-post-meta-label\">Info:<\/span>\u00fcberdachte Terrasse 11m\u00b2 mit Tisch, St\u00fchlen und Liegest\u00fchlen<\/div>\n<\/div>\n<\/div>\n<\/div>\n<\/div>\n<\/div>\n<\/div>\n<\/div>\n<\/div>\n<\/div>\n<\/div>\n<p>[\/vc_column_text][vc_empty_space]<style>.ld_button_69f11065240a2{color:rgb(255, 255, 255);}<\/style><a href=\"https:\/\/oliviagreencamping.com\/de\/accommodation\/premium-paar-camping-villa-terrasse-mit-meerblick\/\" class=\"btn btn-default btn-sm round btn-bordered border-thin ld_button_69f11065240a2 vc_custom_1716537730155\">\n\t<span>\n\t\t\n\t\t\t\t\t<span class=\"btn-txt\">Erfahren Sie mehr<\/span>\n\t\t\t\n\t\t\t\t<\/span>\n<\/a>\n[\/vc_column][\/vc_row][vc_row css=&#8221;.vc_custom_1716277082804{margin-top: 30px !important;padding-top: 70px !important;padding-bottom: 70px !important;background-color: #ffffff !important;}&#8221;][vc_column width=&#8221;1\/2&#8243;][vc_column_text]<\/p>\n<div class=\"ld-fancy-heading ld_fancy_heading_664b233eec2ba\">\n<div class=\"ld-fancy-heading ld_fancy_heading_664b233eec2ba\">\n<div class=\"ld-fancy-heading ld_fancy_heading_664fcc740219a\">\n<div class=\"ld-fancy-heading ld_fancy_heading_6650462e47b15\">\n<p class=\"lqd-highlight-underline lqd-highlight-grow-left\"><span class=\"ld-fh-txt\">Wir haben 9 verschiedene Arten von Campingvillen im Angebot. Egal, ob Sie als Paar, Familie oder Gruppe von Freunden kommen, Sie werden w\u00e4hrend Ihres Aufenthalts in unseren luxuri\u00f6sen und zeitgem\u00e4\u00df gestalteten Campingvillen eine 5-Sterne-Behandlung erhalten. Alle Villen sind direkt am Meer ausgerichtet, sodass Sie jeden Tag mit atemberaubendem Meerblick aufwachen k\u00f6nnen. Jede Villa verf\u00fcgt \u00fcber eine gro\u00dfe schattige Terrasse mit Meerblick, auf der Sie sich jeden Tag entspannen k\u00f6nnen, w\u00e4hrend Sie ein Glas kroatischen Wein genie\u00dfen, dessen Geschichte bis zu den antiken griechischen Siedlern zur\u00fcckreicht. Einige Villen verf\u00fcgen \u00fcber einen halbprivaten Pool, der von zwei Villen geteilt wird. Die Option zur Buchung einer privaten Nutzung eines Pools ist gegen Aufpreis m\u00f6glich.<\/span><\/p>\n<\/div>\n<div class=\"ld-fancy-heading ld_fancy_heading_6650462e4897d\">\n<p class=\"lqd-highlight-underline lqd-highlight-grow-left\"><span class=\"ld-fh-txt\">Unsere Villen sind au\u00dferdem bio-gr\u00fcn zertifiziert und bestehen aus nat\u00fcrlichen und recycelbaren Materialien und Stoffen, die Ihnen eine reine, elegante und gem\u00fctliche Unterkunft bieten. Die Umweltvertr\u00e4glichkeit der Campingvilla wird in verschiedenen Formen und in verschiedenen Bereichen artikuliert, von der Materialauswahl bis zum Lebenszyklus des fertigen Produkts.<\/span><\/p>\n<\/div>\n<\/div>\n<\/div>\n<\/div>\n<p>[\/vc_column_text][\/vc_column][vc_column width=&#8221;1\/2&#8243;][vc_column_text]<\/p>\n<p class=\"lqd-highlight-underline lqd-highlight-grow-left\"><span class=\"ld-fh-txt\">Bio Green and Bio Green+ certificate elements:<\/span><\/p>\n<ul>\n<li>Supported galvanized steel frame, entirely recyclable<\/li>\n<li>Floor made of recycled material<\/li>\n<li>Exterior wall stratigraphy that improves the natural comfort of environments<\/li>\n<li>Insulated floor<\/li>\n<li>Exterior walls with cork insulation<\/li>\n<li>Eco-friendly wood or ecological fiber coating<\/li>\n<li>Natural fabrics<\/li>\n<\/ul>\n<p>[\/vc_column_text]<style>.ld_button_69f1106524427{color:rgb(255, 255, 255);}<\/style><a href=\"https:\/\/tourmkr.com\/F1yK1F4x1E\/38226715p&#038;194.93h&#038;88.92t\" class=\"btn btn-default btn-sm round btn-bordered border-thin ld_button_69f1106524427 vc_custom_1716537715314\">\n\t<span>\n\t\t\n\t\t\t\t\t<span class=\"btn-txt\">Virtualle Tour<\/span>\n\t\t\t\n\t\t\t\t<\/span>\n<\/a>\n[\/vc_column][\/vc_row]<\/p>\n<\/section>","protected":false},"excerpt":{"rendered":"<p>[vc_row css=&#8221;.vc_custom_1716202378952{margin-top: 50px !important;background-color: #ffffff !important;}&#8221;][vc_column width=&#8221;1\/2&#8243; css=&#8221;.vc_custom_1716201822076{margin-right: 0px !important;}&#8221;][vc_gallery interval=&#8221;3&#8243; images=&#8221;17036,17011,17016,17021,17026,17031,17041,17046,17051,17056,17061,17066,17071&#8243; img_size=&#8221;900&#215;850&#8243; css=&#8221;.vc_custom_1716202197256{margin-right: 10px&#8230;<\/p>\n","protected":false},"author":3,"featured_media":8291,"parent":0,"menu_order":0,"comment_status":"closed","ping_status":"closed","template":"","meta":[],"yoast_head":"<!-- This site is optimized with the Yoast SEO plugin v20.3 - https:\/\/yoast.com\/wordpress\/plugins\/seo\/ -->\n<title>Campingvillen &ndash; Olivia Green Camping<\/title>\n<meta name=\"description\" content=\"Olivia Green Camping Resort, Tisno, Dalmatia - Eco-friendly accommodation, mobile villas\" \/>\n<meta name=\"robots\" content=\"index, follow, max-snippet:-1, max-image-preview:large, max-video-preview:-1\" \/>\n<link rel=\"canonical\" href=\"https:\/\/oliviagreencamping.com\/de\/campingvillen-2\/\" \/>\n<meta property=\"og:locale\" content=\"de_DE\" \/>\n<meta property=\"og:type\" content=\"article\" \/>\n<meta property=\"og:title\" content=\"Campingvillen &ndash; Olivia Green Camping\" \/>\n<meta property=\"og:description\" content=\"Olivia Green Camping Resort, Tisno, Dalmatia - Eco-friendly accommodation, mobile villas\" \/>\n<meta property=\"og:url\" content=\"https:\/\/oliviagreencamping.com\/de\/campingvillen-2\/\" \/>\n<meta property=\"og:site_name\" content=\"Olivia Green Camping\" \/>\n<meta property=\"article:publisher\" content=\"https:\/\/www.facebook.com\/OliviaGreenCamping\/\" \/>\n<meta property=\"article:modified_time\" content=\"2024-06-01T12:09:22+00:00\" \/>\n<meta property=\"og:image\" content=\"https:\/\/oliviagreencamping.com\/wp-content\/uploads\/2020\/08\/Glavna-fotka-2-1-1.jpg\" \/>\n\t<meta property=\"og:image:width\" content=\"2000\" \/>\n\t<meta property=\"og:image:height\" content=\"1333\" \/>\n\t<meta property=\"og:image:type\" content=\"image\/jpeg\" \/>\n<meta name=\"twitter:card\" content=\"summary_large_image\" \/>\n<meta name=\"twitter:label1\" content=\"Gesch\u00e4tzte Lesezeit\" \/>\n\t<meta name=\"twitter:data1\" content=\"5\u00a0Minuten\" \/>\n<script type=\"application\/ld+json\" class=\"yoast-schema-graph\">{\"@context\":\"https:\/\/schema.org\",\"@graph\":[{\"@type\":\"WebPage\",\"@id\":\"https:\/\/oliviagreencamping.com\/de\/campingvillen-2\/\",\"url\":\"https:\/\/oliviagreencamping.com\/de\/campingvillen-2\/\",\"name\":\"Campingvillen &ndash; Olivia Green Camping\",\"isPartOf\":{\"@id\":\"https:\/\/oliviagreencamping.com\/de\/#website\"},\"datePublished\":\"2024-05-24T07:48:58+00:00\",\"dateModified\":\"2024-06-01T12:09:22+00:00\",\"description\":\"Olivia Green Camping Resort, Tisno, Dalmatia - Eco-friendly accommodation, mobile villas\",\"breadcrumb\":{\"@id\":\"https:\/\/oliviagreencamping.com\/de\/campingvillen-2\/#breadcrumb\"},\"inLanguage\":\"de\",\"potentialAction\":[{\"@type\":\"ReadAction\",\"target\":[\"https:\/\/oliviagreencamping.com\/de\/campingvillen-2\/\"]}]},{\"@type\":\"BreadcrumbList\",\"@id\":\"https:\/\/oliviagreencamping.com\/de\/campingvillen-2\/#breadcrumb\",\"itemListElement\":[{\"@type\":\"ListItem\",\"position\":1,\"name\":\"Home\",\"item\":\"https:\/\/oliviagreencamping.com\/de\/\"},{\"@type\":\"ListItem\",\"position\":2,\"name\":\"Campingvillen\"}]},{\"@type\":\"WebSite\",\"@id\":\"https:\/\/oliviagreencamping.com\/de\/#website\",\"url\":\"https:\/\/oliviagreencamping.com\/de\/\",\"name\":\"Olivia Green Camping\",\"description\":\"Luxury Camping in Croatia\",\"publisher\":{\"@id\":\"https:\/\/oliviagreencamping.com\/de\/#organization\"},\"potentialAction\":[{\"@type\":\"SearchAction\",\"target\":{\"@type\":\"EntryPoint\",\"urlTemplate\":\"https:\/\/oliviagreencamping.com\/de\/?s={search_term_string}\"},\"query-input\":\"required name=search_term_string\"}],\"inLanguage\":\"de\"},{\"@type\":\"Organization\",\"@id\":\"https:\/\/oliviagreencamping.com\/de\/#organization\",\"name\":\"Zelena Luka d.o.o.\",\"url\":\"https:\/\/oliviagreencamping.com\/de\/\",\"logo\":{\"@type\":\"ImageObject\",\"inLanguage\":\"de\",\"@id\":\"https:\/\/oliviagreencamping.com\/de\/#\/schema\/logo\/image\/\",\"url\":\"https:\/\/oliviagreencamping.com\/wp-content\/uploads\/2019\/08\/olivia_logo-07.png\",\"contentUrl\":\"https:\/\/oliviagreencamping.com\/wp-content\/uploads\/2019\/08\/olivia_logo-07.png\",\"width\":1318,\"height\":1125,\"caption\":\"Zelena Luka d.o.o.\"},\"image\":{\"@id\":\"https:\/\/oliviagreencamping.com\/de\/#\/schema\/logo\/image\/\"},\"sameAs\":[\"https:\/\/www.facebook.com\/OliviaGreenCamping\/\",\"https:\/\/www.instagram.com\/oliviagreencamping\/\"]}]}<\/script>\n<!-- \/ Yoast SEO plugin. -->","yoast_head_json":{"title":"Campingvillen &ndash; Olivia Green Camping","description":"Olivia Green Camping Resort, Tisno, Dalmatia - Eco-friendly accommodation, mobile villas","robots":{"index":"index","follow":"follow","max-snippet":"max-snippet:-1","max-image-preview":"max-image-preview:large","max-video-preview":"max-video-preview:-1"},"canonical":"https:\/\/oliviagreencamping.com\/de\/campingvillen-2\/","og_locale":"de_DE","og_type":"article","og_title":"Campingvillen &ndash; Olivia Green Camping","og_description":"Olivia Green Camping Resort, Tisno, Dalmatia - Eco-friendly accommodation, mobile villas","og_url":"https:\/\/oliviagreencamping.com\/de\/campingvillen-2\/","og_site_name":"Olivia Green Camping","article_publisher":"https:\/\/www.facebook.com\/OliviaGreenCamping\/","article_modified_time":"2024-06-01T12:09:22+00:00","og_image":[{"width":2000,"height":1333,"url":"https:\/\/oliviagreencamping.com\/wp-content\/uploads\/2020\/08\/Glavna-fotka-2-1-1.jpg","type":"image\/jpeg"}],"twitter_card":"summary_large_image","twitter_misc":{"Gesch\u00e4tzte Lesezeit":"5\u00a0Minuten"},"schema":{"@context":"https:\/\/schema.org","@graph":[{"@type":"WebPage","@id":"https:\/\/oliviagreencamping.com\/de\/campingvillen-2\/","url":"https:\/\/oliviagreencamping.com\/de\/campingvillen-2\/","name":"Campingvillen &ndash; Olivia Green Camping","isPartOf":{"@id":"https:\/\/oliviagreencamping.com\/de\/#website"},"datePublished":"2024-05-24T07:48:58+00:00","dateModified":"2024-06-01T12:09:22+00:00","description":"Olivia Green Camping Resort, Tisno, Dalmatia - Eco-friendly accommodation, mobile villas","breadcrumb":{"@id":"https:\/\/oliviagreencamping.com\/de\/campingvillen-2\/#breadcrumb"},"inLanguage":"de","potentialAction":[{"@type":"ReadAction","target":["https:\/\/oliviagreencamping.com\/de\/campingvillen-2\/"]}]},{"@type":"BreadcrumbList","@id":"https:\/\/oliviagreencamping.com\/de\/campingvillen-2\/#breadcrumb","itemListElement":[{"@type":"ListItem","position":1,"name":"Home","item":"https:\/\/oliviagreencamping.com\/de\/"},{"@type":"ListItem","position":2,"name":"Campingvillen"}]},{"@type":"WebSite","@id":"https:\/\/oliviagreencamping.com\/de\/#website","url":"https:\/\/oliviagreencamping.com\/de\/","name":"Olivia Green Camping","description":"Luxury Camping in Croatia","publisher":{"@id":"https:\/\/oliviagreencamping.com\/de\/#organization"},"potentialAction":[{"@type":"SearchAction","target":{"@type":"EntryPoint","urlTemplate":"https:\/\/oliviagreencamping.com\/de\/?s={search_term_string}"},"query-input":"required name=search_term_string"}],"inLanguage":"de"},{"@type":"Organization","@id":"https:\/\/oliviagreencamping.com\/de\/#organization","name":"Zelena Luka d.o.o.","url":"https:\/\/oliviagreencamping.com\/de\/","logo":{"@type":"ImageObject","inLanguage":"de","@id":"https:\/\/oliviagreencamping.com\/de\/#\/schema\/logo\/image\/","url":"https:\/\/oliviagreencamping.com\/wp-content\/uploads\/2019\/08\/olivia_logo-07.png","contentUrl":"https:\/\/oliviagreencamping.com\/wp-content\/uploads\/2019\/08\/olivia_logo-07.png","width":1318,"height":1125,"caption":"Zelena Luka d.o.o."},"image":{"@id":"https:\/\/oliviagreencamping.com\/de\/#\/schema\/logo\/image\/"},"sameAs":["https:\/\/www.facebook.com\/OliviaGreenCamping\/","https:\/\/www.instagram.com\/oliviagreencamping\/"]}]}},"_links":{"self":[{"href":"https:\/\/oliviagreencamping.com\/de\/wp-json\/wp\/v2\/pages\/17562"}],"collection":[{"href":"https:\/\/oliviagreencamping.com\/de\/wp-json\/wp\/v2\/pages"}],"about":[{"href":"https:\/\/oliviagreencamping.com\/de\/wp-json\/wp\/v2\/types\/page"}],"author":[{"embeddable":true,"href":"https:\/\/oliviagreencamping.com\/de\/wp-json\/wp\/v2\/users\/3"}],"replies":[{"embeddable":true,"href":"https:\/\/oliviagreencamping.com\/de\/wp-json\/wp\/v2\/comments?post=17562"}],"version-history":[{"count":3,"href":"https:\/\/oliviagreencamping.com\/de\/wp-json\/wp\/v2\/pages\/17562\/revisions"}],"predecessor-version":[{"id":17718,"href":"https:\/\/oliviagreencamping.com\/de\/wp-json\/wp\/v2\/pages\/17562\/revisions\/17718"}],"wp:featuredmedia":[{"embeddable":true,"href":"https:\/\/oliviagreencamping.com\/de\/wp-json\/wp\/v2\/media\/8291"}],"wp:attachment":[{"href":"https:\/\/oliviagreencamping.com\/de\/wp-json\/wp\/v2\/media?parent=17562"}],"curies":[{"name":"wp","href":"https:\/\/api.w.org\/{rel}","templated":true}]}}