{"id":17554,"date":"2024-05-23T23:18:55","date_gmt":"2024-05-23T23:18:55","guid":{"rendered":"https:\/\/oliviagreencamping.com\/?page_id=17554"},"modified":"2024-06-01T11:43:09","modified_gmt":"2024-06-01T11:43:09","slug":"kamping-vile-2","status":"publish","type":"page","link":"https:\/\/oliviagreencamping.com\/hr\/kamping-vile-2\/","title":{"rendered":"Kamping vile"},"content":{"rendered":"<section class=\"wpb-content-wrapper\"><p>[vc_row css=&#8221;.vc_custom_1716202378952{margin-top: 50px !important;background-color: #ffffff !important;}&#8221;][vc_column width=&#8221;1\/2&#8243; css=&#8221;.vc_custom_1716201822076{margin-right: 0px !important;}&#8221;][vc_gallery interval=&#8221;3&#8243; images=&#8221;17035,17010,17015,17020,17025,17030,17040,17045,17050,17055,17060,17065,17070&#8243; img_size=&#8221;900&#215;850&#8243; css=&#8221;.vc_custom_1716202197256{margin-right: 10px !important;padding-right: 10px !important;}&#8221;][\/vc_column][vc_column width=&#8221;1\/2&#8243; css=&#8221;.vc_custom_1717241856753{padding-top: 10px !important;padding-right: 40px !important;padding-bottom: 20px !important;padding-left: 40px !important;background-color: #ffffff !important;}&#8221; el_class=&#8221;display: flex; align-items: center; justify-content: center;&#8221;][vc_empty_space height=&#8221;52px&#8221;][vc_column_text]<\/p>\n<h4><span style=\"font-size: 24px;\">Kamping vila Eco Luxury s 2 spava\u0107e sobe i terasom s pogledom na more<\/span><\/h4>\n<div class=\"vc_custom_heading vc_gitem-post-data vc_gitem-post-data-source-post_excerpt\">\n<div class=\"vc_custom_heading vc_gitem-post-data vc_gitem-post-data-source-post_excerpt\">\n<p>Vila Eco-Lux sadr\u017ei prirodne, nerafinirane ukrasne elemente poput drvenih stupova u obliku drve\u0107a i pru\u017ea obilje sun\u010deve svjetlosti kroz prednja staklena vrata, \u010dime stvara besprijekornu vezu s prirodom.<\/p>\n<p>&nbsp;<\/p>\n<\/div>\n<div class=\"vc_gitem-post-meta-field-size vc_gitem-align-left\"><span class=\"vc_gitem-post-meta-label\">Povr\u0161ina:<\/span>86 m\u00b2 (36 m\u00b2 unutra\u0161njost + 50 m\u00b2 terasa)<\/div>\n<div class=\"vc_gitem-post-meta-field-capacity vc_gitem-align-left\"><span class=\"vc_gitem-post-meta-label\">Kapacitet:<\/span>4<\/div>\n<div class=\"vc_gitem-post-meta-field-extra vc_gitem-align-left\"><span class=\"vc_gitem-post-meta-label\">Info:<\/span>natkrivena terasa povr\u0161ine 50 m\u00b2 s vanjskim namje\u0161tajem i le\u017ealjkama za sun\u010danje<\/div>\n<\/div>\n<p>[\/vc_column_text][vc_empty_space]<style>.ld_button_69f0e98a22d5e{color:rgb(255, 255, 255);}<\/style><a href=\"https:\/\/oliviagreencamping.com\/hr\/accommodation\/kamping-vila-eco-luxury-s-2-spavace-sobe-i-terasom-s-pogledom-na-more\/\" class=\"btn btn-default btn-sm round btn-bordered border-thin ld_button_69f0e98a22d5e vc_custom_1716539122535\">\n\t<span>\n\t\t\n\t\t\t\t\t<span class=\"btn-txt\">Saznajte vi\u0161e<\/span>\n\t\t\t\n\t\t\t\t<\/span>\n<\/a>\n[\/vc_column][\/vc_row][vc_row css=&#8221;.vc_custom_1716202378952{margin-top: 50px !important;background-color: #ffffff !important;}&#8221;][vc_column width=&#8221;1\/2&#8243; css=&#8221;.vc_custom_1716201822076{margin-right: 0px !important;}&#8221;][vc_gallery interval=&#8221;3&#8243; images=&#8221;17174,17104,17109,17114,17119,17124,17129,17134,17139,17144,17149,17154,17159,17164,17169,17179,17184&#8243; img_size=&#8221;900&#215;850&#8243; css=&#8221;.vc_custom_1716246407671{margin-right: 10px !important;padding-right: 10px !important;}&#8221;][\/vc_column][vc_column width=&#8221;1\/2&#8243; css=&#8221;.vc_custom_1717241869294{padding-top: 10px !important;padding-right: 40px !important;padding-bottom: 20px !important;padding-left: 40px !important;background-color: #ffffff !important;}&#8221; el_class=&#8221;display: flex; align-items: center; justify-content: center;&#8221;][vc_empty_space height=&#8221;52px&#8221;][vc_column_text]<\/p>\n<div class=\"vc_custom_heading vc_gitem-post-data vc_gitem-post-data-source-post_title\">\n<h4><span style=\"font-size: 24px;\">Kamping vila Premium Family s 2 spava\u0107e sobe i terasom s pogledom na more<\/span><\/h4>\n<\/div>\n<div class=\"vc_custom_heading vc_gitem-post-data vc_gitem-post-data-source-post_excerpt\">\n<div class=\"vc_custom_heading vc_gitem-post-data vc_gitem-post-data-source-post_excerpt\">\n<div class=\"vc_custom_heading vc_gitem-post-data vc_gitem-post-data-source-post_excerpt\">\n<div class=\"vc_custom_heading vc_gitem-post-data vc_gitem-post-data-source-post_excerpt\">\n<div class=\"vc_custom_heading vc_gitem-post-data vc_gitem-post-data-source-post_excerpt\">\n<p>Sli\u010dno kao i na\u0161a kamping vila Family s 2 spava\u0107e sobe, no ova vila nudi vi\u0161e prostora uz istu razinu \u0161arma.<\/p>\n<p>&nbsp;<\/p>\n<\/div>\n<div class=\"vc_gitem-post-meta-field-size vc_gitem-align-left\"><span class=\"vc_gitem-post-meta-label\">Povr\u0161ina:<\/span>84 m\u00b2 (46 m\u00b2 unutra\u0161njost + 38 m\u00b2 terase)<\/div>\n<div class=\"vc_gitem-post-meta-field-capacity vc_gitem-align-left\"><span class=\"vc_gitem-post-meta-label\">Kapacitet:<\/span>5<\/div>\n<div class=\"vc_gitem-post-meta-field-extra vc_gitem-align-left\"><span class=\"vc_gitem-post-meta-label\">Info:<\/span>natkrivena terasa povr\u0161ine 38 m\u00b2 s vanjskim namje\u0161tajem i le\u017ealjkama za sun\u010danje<\/div>\n<\/div>\n<\/div>\n<\/div>\n<\/div>\n<p>[\/vc_column_text][vc_empty_space]<style>.ld_button_69f0e98a24d2b{color:rgb(255, 255, 255);}<\/style><a href=\"https:\/\/oliviagreencamping.com\/hr\/accommodation\/kamping-vila-premium-family-s-2-spavace-sobe-i-terasom-s-pogledom-na-more\/\" class=\"btn btn-default btn-sm round btn-bordered border-thin ld_button_69f0e98a24d2b vc_custom_1716539135216\">\n\t<span>\n\t\t\n\t\t\t\t\t<span class=\"btn-txt\">Saznajte vi\u0161e<\/span>\n\t\t\t\n\t\t\t\t<\/span>\n<\/a>\n[\/vc_column][\/vc_row][vc_row css=&#8221;.vc_custom_1716202378952{margin-top: 50px !important;background-color: #ffffff !important;}&#8221;][vc_column width=&#8221;1\/2&#8243; css=&#8221;.vc_custom_1716201822076{margin-right: 0px !important;}&#8221;][vc_gallery interval=&#8221;3&#8243; images=&#8221;17189,17194,17199,17204,17209,17214,17219&#8243; img_size=&#8221;900&#215;850&#8243; css=&#8221;.vc_custom_1716246646728{margin-right: 10px !important;padding-right: 10px !important;}&#8221;][\/vc_column][vc_column width=&#8221;1\/2&#8243; css=&#8221;.vc_custom_1717241879195{padding-top: 10px !important;padding-right: 40px !important;padding-bottom: 20px !important;padding-left: 40px !important;background-color: #ffffff !important;}&#8221; el_class=&#8221;display: flex; align-items: center; justify-content: center;&#8221;][vc_empty_space height=&#8221;52px&#8221;][vc_column_text]<\/p>\n<h4><span style=\"font-size: 24px;\">Premium kamping vila za parove s terasom uz pla\u017eu<\/span><\/h4>\n<div class=\"vc_custom_heading vc_gitem-post-data vc_gitem-post-data-source-post_excerpt\">\n<div class=\"vc_custom_heading vc_gitem-post-data vc_gitem-post-data-source-post_excerpt\">\n<div class=\"vc_custom_heading vc_gitem-post-data vc_gitem-post-data-source-post_excerpt\">\n<div class=\"vc_custom_heading vc_gitem-post-data vc_gitem-post-data-source-post_excerpt\">\n<p>Valovi mogu biti va\u0161a uspavanka u ovoj vili neposredno uz more.<\/p>\n<p>&nbsp;<\/p>\n<\/div>\n<div class=\"vc_gitem-post-meta-field-size vc_gitem-align-left\"><span class=\"vc_gitem-post-meta-label\">Povr\u0161ina:<\/span>33 m\u00b2 (22 m\u00b2 unutra\u0161njost + 11 m\u00b2 terasa)<\/div>\n<div class=\"vc_gitem-post-meta-field-capacity vc_gitem-align-left\"><span class=\"vc_gitem-post-meta-label\">Kapacitet:<\/span>2+1<\/div>\n<div class=\"vc_gitem-post-meta-field-extra vc_gitem-align-left\"><span class=\"vc_gitem-post-meta-label\">Info:<\/span>natkrivena terasa povr\u0161ine 11 m\u00b2 sa stolom, stolicama i le\u017ealjkama za sun\u010danje<\/div>\n<\/div>\n<\/div>\n<\/div>\n<p>[\/vc_column_text][vc_empty_space]<style>.ld_button_69f0e98a263fd{color:rgb(255, 255, 255);}<\/style><a href=\"https:\/\/oliviagreencamping.com\/hr\/accommodation\/premium-kamping-vila-za-parove-s-terasom-uz-plazu\/\" class=\"btn btn-default btn-sm round btn-bordered border-thin ld_button_69f0e98a263fd vc_custom_1716539150012\">\n\t<span>\n\t\t\n\t\t\t\t\t<span class=\"btn-txt\">Saznajte vi\u0161e<\/span>\n\t\t\t\n\t\t\t\t<\/span>\n<\/a>\n[\/vc_column][\/vc_row][vc_row css=&#8221;.vc_custom_1716202378952{margin-top: 50px !important;background-color: #ffffff !important;}&#8221;][vc_column width=&#8221;1\/2&#8243; css=&#8221;.vc_custom_1716201822076{margin-right: 0px !important;}&#8221;][vc_gallery interval=&#8221;3&#8243; images=&#8221;17235,17225,17230,17240,17245,17250,17255,17260&#8243; img_size=&#8221;900&#215;850&#8243; css=&#8221;.vc_custom_1716275353500{margin-right: 10px !important;padding-right: 10px !important;}&#8221;][\/vc_column][vc_column width=&#8221;1\/2&#8243; css=&#8221;.vc_custom_1717241894475{padding-top: 10px !important;padding-right: 40px !important;padding-bottom: 20px !important;padding-left: 40px !important;background-color: #ffffff !important;}&#8221; el_class=&#8221;display: flex; align-items: center; justify-content: center;&#8221;][vc_empty_space height=&#8221;52px&#8221;][vc_column_text]<\/p>\n<h4><span style=\"font-size: 24px;\">Kamping vila Deluxe s 2 spava\u0107e sobe i terasom s pogledom na more<\/span><\/h4>\n<div class=\"vc_custom_heading vc_gitem-post-data vc_gitem-post-data-source-post_excerpt\">\n<div class=\"vc_custom_heading vc_gitem-post-data vc_gitem-post-data-source-post_excerpt\">\n<div class=\"vc_custom_heading vc_gitem-post-data vc_gitem-post-data-source-post_excerpt\">\n<div class=\"vc_custom_heading vc_gitem-post-data vc_gitem-post-data-source-post_excerpt\">\n<div class=\"vc_custom_heading vc_gitem-post-data vc_gitem-post-data-source-post_excerpt\">\n<p>Nemojte dopustiti da vas rije\u010d kampiranje u nazivu zavara. Prekrasni prirodni materijali, svjetlo\u0161\u0107u ispunjen prostor i stakleni otvori krase ovu prekrasnu vilu.<\/p>\n<p>&nbsp;<\/p>\n<\/div>\n<div class=\"vc_gitem-post-meta-field-size vc_gitem-align-left\"><span class=\"vc_gitem-post-meta-label\">Povr\u0161ina:<\/span>63 m\u00b2 (32 m\u00b2 unutra\u0161njost + 31 m\u00b2 terasa)<\/div>\n<div class=\"vc_gitem-post-meta-field-capacity vc_gitem-align-left\"><span class=\"vc_gitem-post-meta-label\">Kapacitet:<\/span>4<\/div>\n<div class=\"vc_gitem-post-meta-field-extra vc_gitem-align-left\"><span class=\"vc_gitem-post-meta-label\">Info:<\/span>natkrivena terasa povr\u0161ine 31 m\u00b2 sa stolom, stolicama i le\u017ealjkama za sun\u010danje<\/div>\n<\/div>\n<\/div>\n<\/div>\n<\/div>\n<p>[\/vc_column_text][vc_empty_space]<style>.ld_button_69f0e98a2715a{color:rgb(255, 255, 255);}<\/style><a href=\"https:\/\/oliviagreencamping.com\/hr\/accommodation\/kamping-vila-deluxe-s-2-spavace-sobe-i-terasom-s-pogledom-na-more\/\" class=\"btn btn-default btn-sm round btn-bordered border-thin ld_button_69f0e98a2715a vc_custom_1716539184580\">\n\t<span>\n\t\t\n\t\t\t\t\t<span class=\"btn-txt\">Saznajte vi\u0161e<\/span>\n\t\t\t\n\t\t\t\t<\/span>\n<\/a>\n[\/vc_column][\/vc_row][vc_row css=&#8221;.vc_custom_1716202378952{margin-top: 50px !important;background-color: #ffffff !important;}&#8221;][vc_column width=&#8221;1\/2&#8243; css=&#8221;.vc_custom_1716201822076{margin-right: 0px !important;}&#8221;][vc_gallery interval=&#8221;3&#8243; images=&#8221;17290,17265,17270,17275,17280,17285,17295,17300,17305&#8243; img_size=&#8221;900&#215;850&#8243; css=&#8221;.vc_custom_1716275603222{margin-right: 10px !important;padding-right: 10px !important;}&#8221;][\/vc_column][vc_column width=&#8221;1\/2&#8243; css=&#8221;.vc_custom_1717241911391{padding-top: 10px !important;padding-right: 40px !important;padding-bottom: 20px !important;padding-left: 40px !important;background-color: #ffffff !important;}&#8221; el_class=&#8221;display: flex; align-items: center; justify-content: center;&#8221;][vc_empty_space height=&#8221;52px&#8221;][vc_column_text]<\/p>\n<div class=\"vc_custom_heading vc_gitem-post-data vc_gitem-post-data-source-post_title\">\n<h4><span style=\"font-size: 24px;\">Luksuzna kamping vila za parove s terasom s pogledom na more<\/span><\/h4>\n<\/div>\n<div class=\"vc_custom_heading vc_gitem-post-data vc_gitem-post-data-source-post_excerpt\">\n<p>&nbsp;<\/p>\n<\/div>\n<div class=\"vc_custom_heading vc_gitem-post-data vc_gitem-post-data-source-post_excerpt\">\n<div class=\"vc_custom_heading vc_gitem-post-data vc_gitem-post-data-source-post_excerpt\">\n<div class=\"vc_custom_heading vc_gitem-post-data vc_gitem-post-data-source-post_excerpt\">\n<div class=\"vc_custom_heading vc_gitem-post-data vc_gitem-post-data-source-post_excerpt\">\n<div class=\"vc_custom_heading vc_gitem-post-data vc_gitem-post-data-source-post_excerpt\">\n<div class=\"vc_custom_heading vc_gitem-post-data vc_gitem-post-data-source-post_excerpt\">\n<p>Udobna garsonijera sadr\u017ei bra\u010dni krevet, kau\u010d za sjedenje, 1 kupaonicu i terasu s pogledom na more s vanjskim namje\u0161tajem i le\u017ealjkama za sun\u010danje za 2 osobe, a sve to u neposrednoj blizini mora.<\/p>\n<p>&nbsp;<\/p>\n<\/div>\n<div class=\"vc_gitem-post-meta-field-size vc_gitem-align-left\"><span class=\"vc_gitem-post-meta-label\">Povr\u0161ina:<\/span>34 m\u00b2 (24 m\u00b2 unutra\u0161njost + 10 m\u00b2 terasa)<\/div>\n<div class=\"vc_gitem-post-meta-field-capacity vc_gitem-align-left\"><span class=\"vc_gitem-post-meta-label\">Kapacitet:<\/span>2<\/div>\n<div class=\"vc_gitem-post-meta-field-extra vc_gitem-align-left\"><span class=\"vc_gitem-post-meta-label\">Info:<\/span>natkrivena terasa povr\u0161ine 10 m\u00b2 sa stolom, stolicama i le\u017ealjkama za sun\u010danje<\/div>\n<\/div>\n<\/div>\n<\/div>\n<\/div>\n<\/div>\n<p>[\/vc_column_text][vc_empty_space]<style>.ld_button_69f0e98a27a9b{color:rgb(255, 255, 255);}<\/style><a href=\"https:\/\/oliviagreencamping.com\/hr\/accommodation\/luksuzna-kamping-vila-za-parove-s-terasom-s-pogledom-na-more\/\" class=\"btn btn-default btn-sm round btn-bordered border-thin ld_button_69f0e98a27a9b vc_custom_1716539197167\">\n\t<span>\n\t\t\n\t\t\t\t\t<span class=\"btn-txt\">Saznajte vi\u0161e<\/span>\n\t\t\t\n\t\t\t\t<\/span>\n<\/a>\n[\/vc_column][\/vc_row][vc_row css=&#8221;.vc_custom_1716202378952{margin-top: 50px !important;background-color: #ffffff !important;}&#8221;][vc_column width=&#8221;1\/2&#8243; css=&#8221;.vc_custom_1716201822076{margin-right: 0px !important;}&#8221;][vc_gallery interval=&#8221;3&#8243; images=&#8221;17350,17310,17315,17320,17325,17330,17335,17340,17345,17355&#8243; img_size=&#8221;900&#215;850&#8243; css=&#8221;.vc_custom_1716275824670{margin-right: 10px !important;padding-right: 10px !important;}&#8221;][\/vc_column][vc_column width=&#8221;1\/2&#8243; css=&#8221;.vc_custom_1717241922838{padding-top: 10px !important;padding-right: 40px !important;padding-bottom: 20px !important;padding-left: 40px !important;background-color: #ffffff !important;}&#8221; el_class=&#8221;display: flex; align-items: center; justify-content: center;&#8221;][vc_empty_space height=&#8221;52px&#8221;][vc_column_text]<\/p>\n<h4><span style=\"font-size: 24px;\">Luksuzna kamping vila za parove s \u010dajnom kuhinjom i terasom s pogledom na more<\/span><\/h4>\n<div class=\"vc_custom_heading vc_gitem-post-data vc_gitem-post-data-source-post_excerpt\">\n<div class=\"vc_custom_heading vc_gitem-post-data vc_gitem-post-data-source-post_excerpt\">\n<div class=\"vc_custom_heading vc_gitem-post-data vc_gitem-post-data-source-post_excerpt\">\n<div class=\"vc_custom_heading vc_gitem-post-data vc_gitem-post-data-source-post_excerpt\">\n<div class=\"vc_custom_heading vc_gitem-post-data vc_gitem-post-data-source-post_excerpt\">\n<div class=\"vc_custom_heading vc_gitem-post-data vc_gitem-post-data-source-post_excerpt\">\n<div class=\"vc_custom_heading vc_gitem-post-data vc_gitem-post-data-source-post_excerpt\">\n<p>Na\u0161a luksuzna kamping vila s dodatkom \u010dajne kuhinje romanti\u010dna je oaza za luksuzni odmor u kampu.<\/p>\n<p>&nbsp;<\/p>\n<\/div>\n<div class=\"vc_gitem-post-meta-field-size vc_gitem-align-left\"><span class=\"vc_gitem-post-meta-label\">Povr\u0161ina:<\/span>34 m\u00b2 (24 m\u00b2 unutra\u0161njost + 10 m\u00b2 terasa)<\/div>\n<div class=\"vc_gitem-post-meta-field-capacity vc_gitem-align-left\"><span class=\"vc_gitem-post-meta-label\">Kapacitet:<\/span>2<\/div>\n<div class=\"vc_gitem-post-meta-field-extra vc_gitem-align-left\"><span class=\"vc_gitem-post-meta-label\">Info:<\/span>natkrivena terasa povr\u0161ine 10 m\u00b2 sa stolom, stolicama i le\u017ealjkama za sun\u010danje<\/div>\n<\/div>\n<\/div>\n<\/div>\n<\/div>\n<\/div>\n<\/div>\n<p>[\/vc_column_text][vc_empty_space]<style>.ld_button_69f0e98a282bc{color:rgb(255, 255, 255);}<\/style><a href=\"https:\/\/oliviagreencamping.com\/hr\/accommodation\/luksuzna-kamping-vila-za-parove-s-cajnom-kuhinjom-i-terasom-s-pogledom-na-more\/\" class=\"btn btn-default btn-sm round btn-bordered border-thin ld_button_69f0e98a282bc vc_custom_1716539210265\">\n\t<span>\n\t\t\n\t\t\t\t\t<span class=\"btn-txt\">Saznajte vi\u0161e<\/span>\n\t\t\t\n\t\t\t\t<\/span>\n<\/a>\n[\/vc_column][\/vc_row][vc_row css=&#8221;.vc_custom_1716202378952{margin-top: 50px !important;background-color: #ffffff !important;}&#8221;][vc_column width=&#8221;1\/2&#8243; css=&#8221;.vc_custom_1716201822076{margin-right: 0px !important;}&#8221;][vc_gallery interval=&#8221;3&#8243; images=&#8221;17360,17365,17370,17375,17380,17385,17390,17395,17400&#8243; img_size=&#8221;900&#215;850&#8243; css=&#8221;.vc_custom_1716276224215{margin-right: 10px !important;padding-right: 10px !important;}&#8221;][\/vc_column][vc_column width=&#8221;1\/2&#8243; css=&#8221;.vc_custom_1717241934194{padding-top: 10px !important;padding-right: 40px !important;padding-bottom: 20px !important;padding-left: 40px !important;background-color: #ffffff !important;}&#8221; el_class=&#8221;display: flex; align-items: center; justify-content: center;&#8221;][vc_empty_space height=&#8221;52px&#8221;][vc_column_text]<\/p>\n<h4><span style=\"font-size: 24px;\">Kamping vila Family s 2 spava\u0107e sobe i terasom s pogledom na more<\/span><\/h4>\n<div class=\"vc_custom_heading vc_gitem-post-data vc_gitem-post-data-source-post_excerpt\">\n<div class=\"vc_custom_heading vc_gitem-post-data vc_gitem-post-data-source-post_excerpt\">\n<div class=\"vc_custom_heading vc_gitem-post-data vc_gitem-post-data-source-post_excerpt\">\n<div class=\"vc_custom_heading vc_gitem-post-data vc_gitem-post-data-source-post_excerpt\">\n<div class=\"vc_custom_heading vc_gitem-post-data vc_gitem-post-data-source-post_excerpt\">\n<div class=\"vc_custom_heading vc_gitem-post-data vc_gitem-post-data-source-post_excerpt\">\n<div class=\"vc_custom_heading vc_gitem-post-data vc_gitem-post-data-source-post_excerpt\">\n<div class=\"vc_custom_heading vc_gitem-post-data vc_gitem-post-data-source-post_excerpt\">\n<p>Obilje prirodnog svjetla, prirodnih materijala i prostora najbolje opisuje na\u0161u kamping vilu Family.<\/p>\n<p>&nbsp;<\/p>\n<\/div>\n<div class=\"vc_gitem-post-meta-field-size vc_gitem-align-left\"><span class=\"vc_gitem-post-meta-label\">Povr\u0161ina:<\/span>povr\u0161ina 78 m\u00b2 (42 m\u00b2 unutra\u0161njost + 36 m\u00b2 terasa)<\/div>\n<div class=\"vc_gitem-post-meta-field-capacity vc_gitem-align-left\"><span class=\"vc_gitem-post-meta-label\">Kapacitet:<\/span>5<\/div>\n<div class=\"vc_gitem-post-meta-field-extra vc_gitem-align-left\"><span class=\"vc_gitem-post-meta-label\">Info:<\/span>natkrivena terasa povr\u0161ine 36 m\u00b2 sa stolom, stolicama i le\u017ealjkama za sun\u010danje<\/div>\n<\/div>\n<\/div>\n<\/div>\n<\/div>\n<\/div>\n<\/div>\n<\/div>\n<p>[\/vc_column_text][vc_empty_space]<style>.ld_button_69f0e98a28a92{color:rgb(255, 255, 255);}<\/style><a href=\"https:\/\/oliviagreencamping.com\/hr\/accommodation\/kamping-vila-family-s-2-spavace-sobe-i-terasom-s-pogledom-na-more\/\" class=\"btn btn-default btn-sm round btn-bordered border-thin ld_button_69f0e98a28a92 vc_custom_1716539223244\">\n\t<span>\n\t\t\n\t\t\t\t\t<span class=\"btn-txt\">Read More<\/span>\n\t\t\t\n\t\t\t\t<\/span>\n<\/a>\n[\/vc_column][\/vc_row][vc_row css=&#8221;.vc_custom_1716202378952{margin-top: 50px !important;background-color: #ffffff !important;}&#8221;][vc_column width=&#8221;1\/2&#8243; css=&#8221;.vc_custom_1716201822076{margin-right: 0px !important;}&#8221;][vc_gallery interval=&#8221;3&#8243; images=&#8221;17405,17410,17415,17420,17425,17430,17435,17440,17445,17450,17455,17460,17465,17470&#8243; img_size=&#8221;900&#215;850&#8243; css=&#8221;.vc_custom_1716276540493{margin-right: 10px !important;padding-right: 10px !important;}&#8221;][\/vc_column][vc_column width=&#8221;1\/2&#8243; css=&#8221;.vc_custom_1717241952122{padding-top: 10px !important;padding-right: 40px !important;padding-bottom: 20px !important;padding-left: 40px !important;background-color: #ffffff !important;}&#8221; el_class=&#8221;display: flex; align-items: center; justify-content: center;&#8221;][vc_empty_space height=&#8221;52px&#8221;][vc_column_text]<\/p>\n<h4><span style=\"font-size: 24px;\">Superior kamping vila s 2 spava\u0107e sobe i terasom s pogledom na more<\/span><\/h4>\n<div class=\"vc_custom_heading vc_gitem-post-data vc_gitem-post-data-source-post_excerpt\">\n<div class=\"vc_custom_heading vc_gitem-post-data vc_gitem-post-data-source-post_excerpt\">\n<div class=\"vc_custom_heading vc_gitem-post-data vc_gitem-post-data-source-post_excerpt\">\n<div class=\"vc_custom_heading vc_gitem-post-data vc_gitem-post-data-source-post_excerpt\">\n<div class=\"vc_custom_heading vc_gitem-post-data vc_gitem-post-data-source-post_excerpt\">\n<div class=\"vc_custom_heading vc_gitem-post-data vc_gitem-post-data-source-post_excerpt\">\n<div class=\"vc_custom_heading vc_gitem-post-data vc_gitem-post-data-source-post_excerpt\">\n<div class=\"vc_custom_heading vc_gitem-post-data vc_gitem-post-data-source-post_excerpt\">\n<div class=\"vc_custom_heading vc_gitem-post-data vc_gitem-post-data-source-post_excerpt\">\n<p>Ova prelijepa potpuno opremljena vila savr\u0161ena je za obitelji i u njoj \u0107ete se osje\u0107ati kao kod ku\u0107e. Vila mo\u017ee smjestiti do 5 osoba. Sadr\u017ei 2 spava\u0107e sobe, jedna spava\u0107a soba ima vlastitu kupaonicu, a ukupno su vam na raspolaganju dvije kupaonice.<\/p>\n<p>&nbsp;<\/p>\n<\/div>\n<div class=\"vc_gitem-post-meta-field-size vc_gitem-align-left\"><span class=\"vc_gitem-post-meta-label\">Povr\u0161ina:<\/span>52 m\u00b2 (34 m\u00b2 unutra\u0161njost + 18 m\u00b2 terasa)<\/div>\n<div class=\"vc_gitem-post-meta-field-capacity vc_gitem-align-left\"><span class=\"vc_gitem-post-meta-label\">Kapacitet:<\/span>4+1<\/div>\n<div class=\"vc_gitem-post-meta-field-extra vc_gitem-align-left\"><span class=\"vc_gitem-post-meta-label\">Info:<\/span>natkrivena terasa povr\u0161ine 18 m\u00b2 sa stolom, stolicama i le\u017ealjkama za sun\u010danje<\/div>\n<\/div>\n<\/div>\n<\/div>\n<\/div>\n<\/div>\n<\/div>\n<\/div>\n<\/div>\n<p>[\/vc_column_text][vc_empty_space]<style>.ld_button_69f0e98a29228{color:rgb(255, 255, 255);}<\/style><a href=\"https:\/\/oliviagreencamping.com\/hr\/accommodation\/superior-kamping-vila-s-2-spavace-sobe-i-terasom-s-pogledom-na-more\/\" class=\"btn btn-default btn-sm round btn-bordered border-thin ld_button_69f0e98a29228 vc_custom_1716539236994\">\n\t<span>\n\t\t\n\t\t\t\t\t<span class=\"btn-txt\">Saznajte vi\u0161e<\/span>\n\t\t\t\n\t\t\t\t<\/span>\n<\/a>\n[\/vc_column][\/vc_row][vc_row css=&#8221;.vc_custom_1716202378952{margin-top: 50px !important;background-color: #ffffff !important;}&#8221;][vc_column width=&#8221;1\/2&#8243; css=&#8221;.vc_custom_1716201822076{margin-right: 0px !important;}&#8221;][vc_gallery interval=&#8221;3&#8243; images=&#8221;17475,17480,17485,17490,17495,17500,17505,17510,17515&#8243; img_size=&#8221;900&#215;850&#8243; css=&#8221;.vc_custom_1716276731032{margin-right: 10px !important;padding-right: 10px !important;}&#8221;][\/vc_column][vc_column width=&#8221;1\/2&#8243; css=&#8221;.vc_custom_1717241961574{padding-top: 10px !important;padding-right: 40px !important;padding-bottom: 20px !important;padding-left: 40px !important;background-color: #ffffff !important;}&#8221; el_class=&#8221;display: flex; align-items: center; justify-content: center;&#8221;][vc_empty_space height=&#8221;52px&#8221;][vc_column_text]<\/p>\n<h4><span style=\"font-size: 24px;\">Premium kamping vila za parove s terasom s pogledom na more<\/span><\/h4>\n<div class=\"vc_custom_heading vc_gitem-post-data vc_gitem-post-data-source-post_excerpt\">\n<div class=\"vc_custom_heading vc_gitem-post-data vc_gitem-post-data-source-post_excerpt\">\n<div class=\"vc_custom_heading vc_gitem-post-data vc_gitem-post-data-source-post_excerpt\">\n<div class=\"vc_custom_heading vc_gitem-post-data vc_gitem-post-data-source-post_excerpt\">\n<div class=\"vc_custom_heading vc_gitem-post-data vc_gitem-post-data-source-post_excerpt\">\n<div class=\"vc_custom_heading vc_gitem-post-data vc_gitem-post-data-source-post_excerpt\">\n<div class=\"vc_custom_heading vc_gitem-post-data vc_gitem-post-data-source-post_excerpt\">\n<div class=\"vc_custom_heading vc_gitem-post-data vc_gitem-post-data-source-post_excerpt\">\n<div class=\"vc_custom_heading vc_gitem-post-data vc_gitem-post-data-source-post_excerpt\">\n<div class=\"vc_custom_heading vc_gitem-post-data vc_gitem-post-data-source-post_excerpt\">\n<p>Ova moderna, osvijetljena i pa\u017eljivo ure\u0111ena garsonijera sadr\u017ei bra\u010dni krevet, potpuno opremljenu \u010dajnu kuhinju i stol za blagovanje te kau\u010d na razvla\u010denje idealan za one koji tra\u017ee prostor za tre\u0107u osobu.<\/p>\n<p>&nbsp;<\/p>\n<\/div>\n<div class=\"vc_gitem-post-meta-field-size vc_gitem-align-left\"><span class=\"vc_gitem-post-meta-label\">Povr\u0161ina:<\/span>33 m\u00b2 (22 m\u00b2 unutra\u0161njost + 11 m\u00b2 terasa)<\/div>\n<div class=\"vc_gitem-post-meta-field-capacity vc_gitem-align-left\"><span class=\"vc_gitem-post-meta-label\">Kapacitet:<\/span>2+1<\/div>\n<div class=\"vc_gitem-post-meta-field-extra vc_gitem-align-left\"><span class=\"vc_gitem-post-meta-label\">Info:<\/span>natkrivena terasa povr\u0161ine 11 m\u00b2 sa stolom, stolicama i le\u017ealjkama za sun\u010danje<\/div>\n<\/div>\n<\/div>\n<\/div>\n<\/div>\n<\/div>\n<\/div>\n<\/div>\n<\/div>\n<\/div>\n<p>[\/vc_column_text][vc_empty_space]<style>.ld_button_69f0e98a29996{color:rgb(255, 255, 255);}<\/style><a href=\"https:\/\/oliviagreencamping.com\/hr\/accommodation\/premium-kamping-vila-za-parove-s-terasom-s-pogledom-na-more\/\" class=\"btn btn-default btn-sm round btn-bordered border-thin ld_button_69f0e98a29996 vc_custom_1716539253788\">\n\t<span>\n\t\t\n\t\t\t\t\t<span class=\"btn-txt\">Saznajte vi\u0161e<\/span>\n\t\t\t\n\t\t\t\t<\/span>\n<\/a>\n[\/vc_column][\/vc_row][vc_row css=&#8221;.vc_custom_1716277082804{margin-top: 30px !important;padding-top: 70px !important;padding-bottom: 70px !important;background-color: #ffffff !important;}&#8221;][vc_column width=&#8221;1\/2&#8243;][vc_column_text]<\/p>\n<div class=\"ld-fancy-heading ld_fancy_heading_664b233eec2ba\">\n<div class=\"ld-fancy-heading ld_fancy_heading_664b233eec2ba\">\n<div class=\"ld-fancy-heading ld_fancy_heading_664fcc740219a\">\n<p class=\"lqd-highlight-underline lqd-highlight-grow-left\"><span class=\"ld-fh-txt\">U ponudi imamo devet razli\u010ditih vrsta kamping vila. Bilo da dolazite u paru, s obitelji ili kao grupa prijatelja, tijekom boravka u na\u0161im luksuznim i suvremeno dizajniranim kamping vilama do\u017eivjet \u0107ete tretman s pet zvjezdica. Sve vile orijentirane su prema obali mora pa je bu\u0111enje uz prekrasan pogled na more zajam\u010deno svakoga dana. Svaka vila ima veliku zasjenjenu terasu s pogledom na more, na kojoj mo\u017eete provoditi dane opu\u0161taju\u0107i se i u\u017eivaju\u0107i u \u010da\u0161i hrvatskog vina, koje se mo\u017ee pohvaliti povije\u0161\u0107u koja se\u017ee sve do starih gr\u010dkih naseljenika. Neke vile imaju poluprivatni bazen koji dijele po dvije vile. Mogu\u0107nost rezervacije privatne upotrebe bazena dostupna je uz nadoplatu.<\/span><\/p>\n<\/div>\n<div class=\"ld-fancy-heading ld_fancy_heading_664fcc7402843\">\n<p class=\"lqd-highlight-underline lqd-highlight-grow-left\"><span class=\"ld-fh-txt\">Na\u0161e vile tako\u0111er imaju bio-zeleni certifikat te su izra\u0111ene od prirodnih materijala i tkanina koje se mogu reciklirati, pru\u017eaju\u0107i Vam \u010dist, elegantan i ugodan smje\u0161taj. Ekolo\u0161ka kompatibilnost kamping vila izra\u017eena je u razli\u010ditim oblicima i na razli\u010ditim podru\u010djima, od izbora materijala do \u017eivotnog ciklusa gotovog proizvoda.<\/span><\/p>\n<\/div>\n<\/div>\n<\/div>\n<p>[\/vc_column_text][\/vc_column][vc_column width=&#8221;1\/2&#8243;][vc_column_text]<\/p>\n<p class=\"lqd-highlight-underline lqd-highlight-grow-left\"><span class=\"ld-fh-txt\">Standardni, bio zeleni i bio zeleni+ elementi:<\/span><\/p>\n<ul>\n<li>podr\u017eani okvir od pocin\u010danog \u010delika, potpuno recikliran<\/li>\n<li>pod izra\u0111en od recikliranog materijala<\/li>\n<li>stratigrafija vanjskog zida koja pobolj\u0161ava prirodnu udobnost okru\u017eenja<\/li>\n<li>izolirani pod<\/li>\n<li>vanjski zidovi s izolacijom od pluta<\/li>\n<li>ekolo\u0161ki prihvatljivo drvo ili premaz od ekolo\u0161kih vlakana<\/li>\n<li>prirodne tkanine<\/li>\n<\/ul>\n<p>[\/vc_column_text]<style>.ld_button_69f0e98a2a106{color:rgb(255, 255, 255);}<\/style><a href=\"https:\/\/tourmkr.com\/F1yK1F4x1E\/38226715p&#038;194.93h&#038;88.92t\" class=\"btn btn-default btn-sm round btn-bordered border-thin ld_button_69f0e98a2a106 vc_custom_1716506330021\">\n\t<span>\n\t\t\n\t\t\t\t\t<span class=\"btn-txt\">Virtualna \u0161etnja<\/span>\n\t\t\t\n\t\t\t\t<\/span>\n<\/a>\n[\/vc_column][\/vc_row]<\/p>\n<\/section>","protected":false},"excerpt":{"rendered":"<p>[vc_row css=&#8221;.vc_custom_1716202378952{margin-top: 50px !important;background-color: #ffffff !important;}&#8221;][vc_column width=&#8221;1\/2&#8243; css=&#8221;.vc_custom_1716201822076{margin-right: 0px !important;}&#8221;][vc_gallery interval=&#8221;3&#8243; images=&#8221;17035,17010,17015,17020,17025,17030,17040,17045,17050,17055,17060,17065,17070&#8243; img_size=&#8221;900&#215;850&#8243; css=&#8221;.vc_custom_1716202197256{margin-right: 10px&#8230;<\/p>\n","protected":false},"author":3,"featured_media":12571,"parent":0,"menu_order":0,"comment_status":"closed","ping_status":"closed","template":"","meta":[],"yoast_head":"<!-- This site is optimized with the Yoast SEO plugin v20.3 - https:\/\/yoast.com\/wordpress\/plugins\/seo\/ -->\n<title>Kamping vile &ndash; Olivia Green Camping<\/title>\n<meta name=\"description\" content=\"Olivia Green Camping Resort, Tisno, Dalmatia - Eco-friendly accommodation, mobile villas\" \/>\n<meta name=\"robots\" content=\"index, follow, max-snippet:-1, max-image-preview:large, max-video-preview:-1\" \/>\n<link rel=\"canonical\" href=\"https:\/\/oliviagreencamping.com\/hr\/kamping-vile-2\/\" \/>\n<meta property=\"og:locale\" content=\"hr_HR\" \/>\n<meta property=\"og:type\" content=\"article\" \/>\n<meta property=\"og:title\" content=\"Kamping vile &ndash; Olivia Green Camping\" \/>\n<meta property=\"og:description\" content=\"Olivia Green Camping Resort, Tisno, Dalmatia - Eco-friendly accommodation, mobile villas\" \/>\n<meta property=\"og:url\" content=\"https:\/\/oliviagreencamping.com\/hr\/kamping-vile-2\/\" \/>\n<meta property=\"og:site_name\" content=\"Olivia Green Camping\" \/>\n<meta property=\"article:publisher\" content=\"https:\/\/www.facebook.com\/OliviaGreenCamping\/\" \/>\n<meta property=\"article:modified_time\" content=\"2024-06-01T11:43:09+00:00\" \/>\n<meta property=\"og:image\" content=\"https:\/\/oliviagreencamping.com\/wp-content\/uploads\/2020\/08\/Glavna-fotka-2-1-1.jpg\" \/>\n\t<meta property=\"og:image:width\" content=\"2000\" \/>\n\t<meta property=\"og:image:height\" content=\"1333\" \/>\n\t<meta property=\"og:image:type\" content=\"image\/jpeg\" \/>\n<meta name=\"twitter:card\" content=\"summary_large_image\" \/>\n<meta name=\"twitter:label1\" content=\"Procijenjeno vrijeme \u010ditanja\" \/>\n\t<meta name=\"twitter:data1\" content=\"6 minuta\" \/>\n<script type=\"application\/ld+json\" class=\"yoast-schema-graph\">{\"@context\":\"https:\/\/schema.org\",\"@graph\":[{\"@type\":\"WebPage\",\"@id\":\"https:\/\/oliviagreencamping.com\/hr\/kamping-vile-2\/\",\"url\":\"https:\/\/oliviagreencamping.com\/hr\/kamping-vile-2\/\",\"name\":\"Kamping vile &ndash; Olivia Green Camping\",\"isPartOf\":{\"@id\":\"https:\/\/oliviagreencamping.com\/hr\/#website\"},\"datePublished\":\"2024-05-23T23:18:55+00:00\",\"dateModified\":\"2024-06-01T11:43:09+00:00\",\"description\":\"Olivia Green Camping Resort, Tisno, Dalmatia - Eco-friendly accommodation, mobile villas\",\"breadcrumb\":{\"@id\":\"https:\/\/oliviagreencamping.com\/hr\/kamping-vile-2\/#breadcrumb\"},\"inLanguage\":\"hr\",\"potentialAction\":[{\"@type\":\"ReadAction\",\"target\":[\"https:\/\/oliviagreencamping.com\/hr\/kamping-vile-2\/\"]}]},{\"@type\":\"BreadcrumbList\",\"@id\":\"https:\/\/oliviagreencamping.com\/hr\/kamping-vile-2\/#breadcrumb\",\"itemListElement\":[{\"@type\":\"ListItem\",\"position\":1,\"name\":\"Home\",\"item\":\"https:\/\/oliviagreencamping.com\/hr\/\"},{\"@type\":\"ListItem\",\"position\":2,\"name\":\"Kamping vile\"}]},{\"@type\":\"WebSite\",\"@id\":\"https:\/\/oliviagreencamping.com\/hr\/#website\",\"url\":\"https:\/\/oliviagreencamping.com\/hr\/\",\"name\":\"Olivia Green Camping\",\"description\":\"Luxury Camping in Croatia\",\"publisher\":{\"@id\":\"https:\/\/oliviagreencamping.com\/hr\/#organization\"},\"potentialAction\":[{\"@type\":\"SearchAction\",\"target\":{\"@type\":\"EntryPoint\",\"urlTemplate\":\"https:\/\/oliviagreencamping.com\/hr\/?s={search_term_string}\"},\"query-input\":\"required name=search_term_string\"}],\"inLanguage\":\"hr\"},{\"@type\":\"Organization\",\"@id\":\"https:\/\/oliviagreencamping.com\/hr\/#organization\",\"name\":\"Zelena Luka d.o.o.\",\"url\":\"https:\/\/oliviagreencamping.com\/hr\/\",\"logo\":{\"@type\":\"ImageObject\",\"inLanguage\":\"hr\",\"@id\":\"https:\/\/oliviagreencamping.com\/hr\/#\/schema\/logo\/image\/\",\"url\":\"https:\/\/oliviagreencamping.com\/wp-content\/uploads\/2019\/08\/olivia_logo-07.png\",\"contentUrl\":\"https:\/\/oliviagreencamping.com\/wp-content\/uploads\/2019\/08\/olivia_logo-07.png\",\"width\":1318,\"height\":1125,\"caption\":\"Zelena Luka d.o.o.\"},\"image\":{\"@id\":\"https:\/\/oliviagreencamping.com\/hr\/#\/schema\/logo\/image\/\"},\"sameAs\":[\"https:\/\/www.facebook.com\/OliviaGreenCamping\/\",\"https:\/\/www.instagram.com\/oliviagreencamping\/\"]}]}<\/script>\n<!-- \/ Yoast SEO plugin. -->","yoast_head_json":{"title":"Kamping vile &ndash; Olivia Green Camping","description":"Olivia Green Camping Resort, Tisno, Dalmatia - Eco-friendly accommodation, mobile villas","robots":{"index":"index","follow":"follow","max-snippet":"max-snippet:-1","max-image-preview":"max-image-preview:large","max-video-preview":"max-video-preview:-1"},"canonical":"https:\/\/oliviagreencamping.com\/hr\/kamping-vile-2\/","og_locale":"hr_HR","og_type":"article","og_title":"Kamping vile &ndash; Olivia Green Camping","og_description":"Olivia Green Camping Resort, Tisno, Dalmatia - Eco-friendly accommodation, mobile villas","og_url":"https:\/\/oliviagreencamping.com\/hr\/kamping-vile-2\/","og_site_name":"Olivia Green Camping","article_publisher":"https:\/\/www.facebook.com\/OliviaGreenCamping\/","article_modified_time":"2024-06-01T11:43:09+00:00","og_image":[{"width":2000,"height":1333,"url":"https:\/\/oliviagreencamping.com\/wp-content\/uploads\/2020\/08\/Glavna-fotka-2-1-1.jpg","type":"image\/jpeg"}],"twitter_card":"summary_large_image","twitter_misc":{"Procijenjeno vrijeme \u010ditanja":"6 minuta"},"schema":{"@context":"https:\/\/schema.org","@graph":[{"@type":"WebPage","@id":"https:\/\/oliviagreencamping.com\/hr\/kamping-vile-2\/","url":"https:\/\/oliviagreencamping.com\/hr\/kamping-vile-2\/","name":"Kamping vile &ndash; Olivia Green Camping","isPartOf":{"@id":"https:\/\/oliviagreencamping.com\/hr\/#website"},"datePublished":"2024-05-23T23:18:55+00:00","dateModified":"2024-06-01T11:43:09+00:00","description":"Olivia Green Camping Resort, Tisno, Dalmatia - Eco-friendly accommodation, mobile villas","breadcrumb":{"@id":"https:\/\/oliviagreencamping.com\/hr\/kamping-vile-2\/#breadcrumb"},"inLanguage":"hr","potentialAction":[{"@type":"ReadAction","target":["https:\/\/oliviagreencamping.com\/hr\/kamping-vile-2\/"]}]},{"@type":"BreadcrumbList","@id":"https:\/\/oliviagreencamping.com\/hr\/kamping-vile-2\/#breadcrumb","itemListElement":[{"@type":"ListItem","position":1,"name":"Home","item":"https:\/\/oliviagreencamping.com\/hr\/"},{"@type":"ListItem","position":2,"name":"Kamping vile"}]},{"@type":"WebSite","@id":"https:\/\/oliviagreencamping.com\/hr\/#website","url":"https:\/\/oliviagreencamping.com\/hr\/","name":"Olivia Green Camping","description":"Luxury Camping in Croatia","publisher":{"@id":"https:\/\/oliviagreencamping.com\/hr\/#organization"},"potentialAction":[{"@type":"SearchAction","target":{"@type":"EntryPoint","urlTemplate":"https:\/\/oliviagreencamping.com\/hr\/?s={search_term_string}"},"query-input":"required name=search_term_string"}],"inLanguage":"hr"},{"@type":"Organization","@id":"https:\/\/oliviagreencamping.com\/hr\/#organization","name":"Zelena Luka d.o.o.","url":"https:\/\/oliviagreencamping.com\/hr\/","logo":{"@type":"ImageObject","inLanguage":"hr","@id":"https:\/\/oliviagreencamping.com\/hr\/#\/schema\/logo\/image\/","url":"https:\/\/oliviagreencamping.com\/wp-content\/uploads\/2019\/08\/olivia_logo-07.png","contentUrl":"https:\/\/oliviagreencamping.com\/wp-content\/uploads\/2019\/08\/olivia_logo-07.png","width":1318,"height":1125,"caption":"Zelena Luka d.o.o."},"image":{"@id":"https:\/\/oliviagreencamping.com\/hr\/#\/schema\/logo\/image\/"},"sameAs":["https:\/\/www.facebook.com\/OliviaGreenCamping\/","https:\/\/www.instagram.com\/oliviagreencamping\/"]}]}},"_links":{"self":[{"href":"https:\/\/oliviagreencamping.com\/hr\/wp-json\/wp\/v2\/pages\/17554"}],"collection":[{"href":"https:\/\/oliviagreencamping.com\/hr\/wp-json\/wp\/v2\/pages"}],"about":[{"href":"https:\/\/oliviagreencamping.com\/hr\/wp-json\/wp\/v2\/types\/page"}],"author":[{"embeddable":true,"href":"https:\/\/oliviagreencamping.com\/hr\/wp-json\/wp\/v2\/users\/3"}],"replies":[{"embeddable":true,"href":"https:\/\/oliviagreencamping.com\/hr\/wp-json\/wp\/v2\/comments?post=17554"}],"version-history":[{"count":3,"href":"https:\/\/oliviagreencamping.com\/hr\/wp-json\/wp\/v2\/pages\/17554\/revisions"}],"predecessor-version":[{"id":17716,"href":"https:\/\/oliviagreencamping.com\/hr\/wp-json\/wp\/v2\/pages\/17554\/revisions\/17716"}],"wp:featuredmedia":[{"embeddable":true,"href":"https:\/\/oliviagreencamping.com\/hr\/wp-json\/wp\/v2\/media\/12571"}],"wp:attachment":[{"href":"https:\/\/oliviagreencamping.com\/hr\/wp-json\/wp\/v2\/media?parent=17554"}],"curies":[{"name":"wp","href":"https:\/\/api.w.org\/{rel}","templated":true}]}}